{"id":9425,"date":"2025-06-26T11:25:48","date_gmt":"2025-06-26T09:25:48","guid":{"rendered":"https:\/\/www.nafaxles.com\/?page_id=9425"},"modified":"2026-04-17T14:50:05","modified_gmt":"2026-04-17T12:50:05","slug":"ausbildung","status":"publish","type":"page","link":"https:\/\/www.nafaxles.com\/de\/karriere\/ausbildung\/","title":{"rendered":"Ausbildung"},"content":{"rendered":"\r\n        <section class=\"slider-section\">\r\n            <div class=\"slider-content-wrapper\">\r\n                <div class=\"owl-carousel\">\r\n            <div class=\"slide wt-gf1-0\">\r\n                <div class=\"image-area\">\r\n                    <img loading=\"lazy\" decoding=\"async\" width=\"1701\" height=\"595\" src=\"https:\/\/www.nafaxles.com\/wp-content\/uploads\/2025\/06\/Header_Ausbildung.jpg\" class=\"attachment-full size-full\" alt=\"\" srcset=\"https:\/\/www.nafaxles.com\/wp-content\/uploads\/2025\/06\/Header_Ausbildung.jpg 1701w, https:\/\/www.nafaxles.com\/wp-content\/uploads\/2025\/06\/Header_Ausbildung-300x105.jpg 300w, https:\/\/www.nafaxles.com\/wp-content\/uploads\/2025\/06\/Header_Ausbildung-1024x358.jpg 1024w, https:\/\/www.nafaxles.com\/wp-content\/uploads\/2025\/06\/Header_Ausbildung-768x269.jpg 768w, https:\/\/www.nafaxles.com\/wp-content\/uploads\/2025\/06\/Header_Ausbildung-1536x537.jpg 1536w\" sizes=\"auto, (max-width: 1701px) 100vw, 1701px\" \/>\r\n                <\/div>\r\n                <div class=\"text-area\">\r\n                    <span class=\"over-headline upper\"><\/span>\r\n                    <h2 class=\"slide-headline upper\">BAU MIT UNS <br> DIE BESTE ACHSE DER WELT <\/h2>\r\n                    \r\n                    \r\n                        <a href=\"https:\/\/zukunft.nafaxles.com\/de\" title=\"JETZT BEWERBEN\" target=\"_blank\" rel=\"noopener\">\r\n                            <div class=\"btn btn-blue\">\r\n                                <span>JETZT BEWERBEN<\/span>\r\n                            <\/div>\r\n                        <\/a>\r\n                <\/div>\r\n            <\/div>\r\n                <\/div>\r\n                \r\n                \r\n            <\/div>\r\n            \r\n            <noscript>\r\n                <style>\r\n                    \r\n                    .slider-section .box-wrapper.hidden, \r\n                    .slider-section .box-wrapper .box-content.hidden,                    \r\n                    .slider-section .owl-carousel {display:block !important;}\r\n                    \r\n                    .slider-section .owl-pagination,\r\n                    .slider-section .owl-control,\r\n                    .slider-section .box-wrapper .close-button,\r\n                    .slider-section .box-wrapper:before {\r\n                        display:none !important;\r\n                    }\r\n                    .slider-section .owl-carousel .slide {overflow:hidden;}\r\n                    .slider-section .box-wrapper {position:relative !important;}\r\n                    .slider-section .box-wrapper .box-content {margin: 25px auto !important;}\r\n                <\/style>\r\n            <\/noscript>\r\n        <\/section>\n\n\n<div style=\"height:50px\" aria-hidden=\"true\" class=\"wp-block-spacer\"><\/div>\n\n\n\r\n                        <section class=\"textBlock   bg-naf-\">\r\n                            \r\n                                <div class=\"container\">\r\n                                    \r\n                                    <div class=\"row\">                                        \r\n                        <div class=\"col\">\r\n                            <h1 class=\"textBlock-headline upper text-naf-black    center center\">AUSBILDUNG BEI NAF<\/h1>\r\n                            \r\n                        <\/div>                                        \r\n                    <\/div>\r\n                                    \r\n                                    \r\n                                    \r\n                                    \r\n                                    \r\n                                    <div class=\"row text\">\r\n                                        <div class=\"col\">\r\n                                            <div class=\"textBlock-text fs-16 fw-medium lh-26 text-naf-\">\r\n                                                \n<p class=\"wp-block-wt-text-block center\">Team Technik oder Team Office? &#8211; Deine Entscheidung, Dein Weg!<br>Als fr\u00e4nkisches Familienunternehmen freuen wir uns darauf, junge Talente aus der Region zu f\u00f6rdern. Wir bieten dir ein hoch motiviertes Ausbilderteam, ein spannendes Arbeitsumfeld und viele weitere Benefits.<\/p>\n\r\n                                            <\/div>\r\n                                        <\/div>                                        \r\n                                    <\/div>\r\n                                    \r\n                                    <div class=\"d-md-flex align-items-center justify-content-center gap-5\">\r\n                                    <div class=\"text-button-styles\">\r\n                            <a target=\"_blank\" href=\"\/wp-content\/uploads\/2026\/04\/NAF_2026_AZUBI_BROSCH_FAN_IndustriemechanikerMechatroniker_113x210.pdf\" class=\" bg-blue \">FLYER #TechnikFAN<\/a>\r\n                          <\/div>\r\n                                    \r\n                                    <div class=\"text-button-styles\">\r\n                            <a target=\"_blank\" href=\"\/wp-content\/uploads\/2025\/06\/NAF_2025_AZUBI_BROSCH_FAN_Kaufleute_113x210_ANSICHT_final_2seitig.pdf\" class=\" bg-blue \">FLYER #OrgaFAN<\/a>\r\n                          <\/div>    \r\n                            <\/div>\r\n                                <\/div>  \r\n                                                           \r\n                        <\/section>\r\n                    \n\n\n<div style=\"height:50px\" aria-hidden=\"true\" class=\"wp-block-spacer\"><\/div>\n\n\n<section id=\"default-naf\" class=\"split-block split-block-id-69f46c8ed7951 split-block-layout-boxed split-block-select-layout-0 default-naf container-50x50\">\r\n                            \r\n                <div class=\"container\">\r\n                    \r\n                    <div class=\"split-wrapper\">\r\n                        <div class=\"row d-flex w-100 justify-content-start\">\r\n                        \r\n                            <div class=\"col-12 col-lg-6 col-xl-5 px-lg-0 mob \">\r\n                                <div class=\"content-50x50 bg-blue\">\r\n                             \r\n                                    <div class=\"content-wrapper px-4\">\r\n                                        \r\n                                        <h2 class='headline text-white'>AUSBILDUNG ALS <br>INDUSTRIEKAUFMANN\/ -FRAU<\/h2>\r\n                                        <p class='headline-under-description text-white'>(M\/W\/D)<\/p>\r\n                                        <div class=\"con-wrapper text- \">\r\n                                            \n<p class=\"wp-block-wt-split-block\">Ausbildungsdauer: 2,5 Jahre <br>Voraussetzung: Guter Realschulabschluss oder gleichwertiger guter Bildungsabschluss<\/p>\n \r\n                                            <div class=\"text-button-white \">\r\n        <a target=\"_blank\" href=\"https:\/\/zukunft.nafaxles.com\/de\" class=\"\">BEWERBEN<\/a>\r\n    <\/div>\r\n                                        <\/div>\r\n                                                                      \r\n                                    <\/div>\r\n                                    \r\n                                <\/div>\r\n                             \r\n                            <\/div>\r\n                            \r\n                            <div class=\"col-12 col-lg-6 col-xl-5 ps-lg-0 mob d-flex align-items-center \">\r\n                                <img loading=\"lazy\" decoding=\"async\" width=\"400\" height=\"400\" src=\"https:\/\/www.nafaxles.com\/wp-content\/uploads\/2025\/06\/Industriekaufmann.jpg\" class=\"img-fluid img-width-height\" alt=\"\" srcset=\"https:\/\/www.nafaxles.com\/wp-content\/uploads\/2025\/06\/Industriekaufmann.jpg 400w, https:\/\/www.nafaxles.com\/wp-content\/uploads\/2025\/06\/Industriekaufmann-300x300.jpg 300w, https:\/\/www.nafaxles.com\/wp-content\/uploads\/2025\/06\/Industriekaufmann-150x150.jpg 150w\" sizes=\"auto, (max-width: 400px) 100vw, 400px\" \/>\r\n                            <\/div>\r\n                            \r\n                        <\/div>\r\n                    <\/div>                            \r\n                <\/div>\r\n                                                  \r\n            <\/section>\n\n\n<div style=\"height:50px\" aria-hidden=\"true\" class=\"wp-block-spacer\"><\/div>\n\n\n            \r\n            <section id=\"default-naf\" class=\"split-block split-block-id-69f46c8ed7c31 split-block-layout-boxed split-block-select-layout-1 default-naf container-50x50\">\r\n                            \r\n                    <div class=\"container\">                        \r\n                        \r\n                        <div class=\"split-wrapper\">\r\n                            <div class=\"row d-flex w-100 justify-content-end\">\r\n                            \r\n                                <div class=\"col-12 col-lg-6 col-xl-5 pe-lg-0 mob d-flex align-items-center \">\r\n                                    <img loading=\"lazy\" decoding=\"async\" width=\"400\" height=\"400\" src=\"https:\/\/www.nafaxles.com\/wp-content\/uploads\/2025\/06\/Industriemechaniker.jpg\" class=\"img-fluid img-width-height\" alt=\"\" srcset=\"https:\/\/www.nafaxles.com\/wp-content\/uploads\/2025\/06\/Industriemechaniker.jpg 400w, https:\/\/www.nafaxles.com\/wp-content\/uploads\/2025\/06\/Industriemechaniker-300x300.jpg 300w, https:\/\/www.nafaxles.com\/wp-content\/uploads\/2025\/06\/Industriemechaniker-150x150.jpg 150w\" sizes=\"auto, (max-width: 400px) 100vw, 400px\" \/>\r\n                                <\/div>\r\n                                \r\n                                <div class=\"col-12 col-lg-6 col-xl-5 mob ps-lg-0\">\r\n                                    <div class=\"content-50x50 bg-blue text-right\">\r\n                                       \r\n                                       <div class=\"content-wrapper px-4\">\r\n                                            \r\n                                            <h2 class='headline text-white'>AUSBILDUNG ALS <br>INDUSTRIE- <br>MECHANIKER\/ -IN<\/h2>\r\n                                            <p class='headline-under-description text-white'>(M\/W\/D)<\/p>\r\n                                            <div class=\"con-wrapper text-\">\r\n                                                \n<p class=\"wp-block-wt-split-block\">Ausbildungsdauer: 3,5 Jahre <br>Voraussetzung: Mittlere Reife oder Qualifizierender Hauptschulabschluss<\/p>\n\r\n                                                <div class=\"text-button-white \">\r\n        <a target=\"_blank\" href=\"https:\/\/zukunft.nafaxles.com\/de\" class=\"\">BEWERBEN<\/a>\r\n    <\/div>\r\n                                              \r\n                                            <\/div>\r\n                                            \r\n                                       <\/div>\r\n                                    <\/div>\r\n                                <\/div>\r\n                                \r\n                            <\/div>\r\n                        <\/div>                            \r\n                    <\/div>\r\n                                                  \r\n            <\/section>\n\n\n<div style=\"height:50px\" aria-hidden=\"true\" class=\"wp-block-spacer\"><\/div>\n\n\n            \r\n            <section id=\"default-naf\" class=\"split-block split-block-id-69f46c8ed7f0d split-block-layout-boxed split-block-select-layout-1 default-naf container-50x50\">\r\n                            \r\n                    <div class=\"container\">                        \r\n                        \r\n                        <div class=\"split-wrapper\">\r\n                            <div class=\"row d-flex w-100 justify-content-start\">\r\n                            \r\n                                <div class=\"col-12 col-lg-6 col-xl-5 pe-lg-0 mob d-flex align-items-center \">\r\n                                    <img loading=\"lazy\" decoding=\"async\" width=\"400\" height=\"400\" src=\"https:\/\/www.nafaxles.com\/wp-content\/uploads\/2026\/04\/Mechatroniker.jpg\" class=\"img-fluid img-width-height\" alt=\"\" srcset=\"https:\/\/www.nafaxles.com\/wp-content\/uploads\/2026\/04\/Mechatroniker.jpg 400w, https:\/\/www.nafaxles.com\/wp-content\/uploads\/2026\/04\/Mechatroniker-300x300.jpg 300w, https:\/\/www.nafaxles.com\/wp-content\/uploads\/2026\/04\/Mechatroniker-150x150.jpg 150w\" sizes=\"auto, (max-width: 400px) 100vw, 400px\" \/>\r\n                                <\/div>\r\n                                \r\n                                <div class=\"col-12 col-lg-6 col-xl-5 mob ps-lg-0\">\r\n                                    <div class=\"content-50x50 bg-blue text-right\">\r\n                                       \r\n                                       <div class=\"content-wrapper px-4\">\r\n                                            \r\n                                            <h2 class='headline text-white'>AUSBILDUNG ALS <br>MECHATRONIKER\/ -IN<\/h2>\r\n                                            <p class='headline-under-description text-white'>(M\/W\/D)<\/p>\r\n                                            <div class=\"con-wrapper text-\">\r\n                                                \n<p class=\"wp-block-wt-split-block\">Ausbildungsdauer: 3,5 Jahre <br>Voraussetzung: Mittlere Reife oder gleichwertiger Schulabschluss<\/p>\n\r\n                                                <div class=\"text-button-white \">\r\n        <a target=\"_blank\" href=\"https:\/\/zukunft.nafaxles.com\/de\" class=\"\">BEWERBEN<\/a>\r\n    <\/div>\r\n                                              \r\n                                            <\/div>\r\n                                            \r\n                                       <\/div>\r\n                                    <\/div>\r\n                                <\/div>\r\n                                \r\n                            <\/div>\r\n                        <\/div>                            \r\n                    <\/div>\r\n                                                  \r\n            <\/section>\n\n\n<div style=\"height:100px\" aria-hidden=\"true\" class=\"wp-block-spacer\"><\/div>\n\n\n<div class=\"wp-block-image\">\n<figure class=\"aligncenter size-full\"><img loading=\"lazy\" decoding=\"async\" width=\"1295\" height=\"150\" src=\"https:\/\/www.nafaxles.com\/wp-content\/uploads\/2025\/06\/Ausbildung_FAN_deiner-Zukunft_einzeilig.jpg\" alt=\"\" class=\"wp-image-9336\" srcset=\"https:\/\/www.nafaxles.com\/wp-content\/uploads\/2025\/06\/Ausbildung_FAN_deiner-Zukunft_einzeilig.jpg 1295w, https:\/\/www.nafaxles.com\/wp-content\/uploads\/2025\/06\/Ausbildung_FAN_deiner-Zukunft_einzeilig-300x35.jpg 300w, https:\/\/www.nafaxles.com\/wp-content\/uploads\/2025\/06\/Ausbildung_FAN_deiner-Zukunft_einzeilig-1024x119.jpg 1024w, https:\/\/www.nafaxles.com\/wp-content\/uploads\/2025\/06\/Ausbildung_FAN_deiner-Zukunft_einzeilig-768x89.jpg 768w\" sizes=\"auto, (max-width: 1295px) 100vw, 1295px\" \/><\/figure>\n<\/div>\n\n\n<div style=\"height:100px\" aria-hidden=\"true\" class=\"wp-block-spacer\"><\/div>\n\n\n            \r\n            <section id=\"default-naf\" class=\"split-block split-block-id-69f46c8ed9358 split-block-layout-boxed split-block-select-layout-1 default-naf container-70x30\">\r\n                            \r\n                    <div class=\"container\">                        \r\n                        \r\n                        <div class=\"split-wrapper\">\r\n                            <div class=\"row d-flex w-100 \">\r\n                            \r\n                                <div class=\"col-12 col-lg-4 pe-lg-0 mob d-flex align-items-center justify-content-end\">\r\n                                    <img loading=\"lazy\" decoding=\"async\" width=\"400\" height=\"400\" src=\"https:\/\/www.nafaxles.com\/wp-content\/uploads\/2025\/06\/Ausbildung_F.jpg\" class=\"img-fluid img-width-height\" alt=\"\" srcset=\"https:\/\/www.nafaxles.com\/wp-content\/uploads\/2025\/06\/Ausbildung_F.jpg 400w, https:\/\/www.nafaxles.com\/wp-content\/uploads\/2025\/06\/Ausbildung_F-300x300.jpg 300w, https:\/\/www.nafaxles.com\/wp-content\/uploads\/2025\/06\/Ausbildung_F-150x150.jpg 150w\" sizes=\"auto, (max-width: 400px) 100vw, 400px\" \/>\r\n                                <\/div>\r\n                                \r\n                                <div class=\"col-12 col-lg-8 mob ps-lg-0\">\r\n                                    <div class=\"content-70x30 d-flex align-items-center bg-white text-right\">\r\n                                       \r\n                                       <div class=\"content-wrapper px-4\">\r\n                                            <img class='image-content-70x30' src=''\/> \r\n                                            <h2 class='headline text-black'>FORTSCHRITT<\/h2>\r\n                                            <p class='headline-under-description text-black'>WERDE FAN DEINER ENTWICKLUNG.<\/p>\r\n                                            <div class=\"con-wrapper text-\">\r\n                                                \n<p class=\"wp-block-wt-split-block\">Du willst etwas erreichen? Wir bringen dein Fachwissen und deine praktischen F\u00e4higkeiten gezielt voran. Du erh\u00e4ltst die Spielr\u00e4ume und die Unterst\u00fctzung, um deine Zukunft aktiv zu gestalten. <br><br><mark style=\"background-color:rgba(0, 0, 0, 0);color:#0068b4\" class=\"has-inline-color\">&#8211; Eigene Ausbildungswerkstatt<br>&#8211; Wertsch\u00e4tzendes Umfeld<br>&#8211; Teamevents &amp; Aktionstage<br>&#8211; Social-Media-Azubiteam<\/mark><br><\/p>\n\r\n                                                \r\n                                              \r\n                                            <\/div>\r\n                                            \r\n                                       <\/div>\r\n                                    <\/div>\r\n                                <\/div>\r\n                                \r\n                            <\/div>\r\n                        <\/div>                            \r\n                    <\/div>\r\n                                                  \r\n            <\/section>\n\n<section id=\"default-naf\" class=\"split-block split-block-id-69f46c8ed9629 split-block-layout-boxed split-block-select-layout-0 default-naf container-70x30\">\r\n                            \r\n                <div class=\"container\">\r\n                    \r\n                    <div class=\"split-wrapper\">\r\n                        <div class=\"row d-flex w-100 \">\r\n                        \r\n                            <div class=\"col-12 col-lg-8 px-lg-0 mob \">\r\n                                <div class=\"content-70x30 d-flex align-items-center bg-white\">\r\n                             \r\n                                    <div class=\"content-wrapper px-4\">\r\n                                        <img class='image-content-70x30' src=''\/> \r\n                                        <h2 class='headline text-black'>ANTRIEB<\/h2>\r\n                                        <p class='headline-under-description text-black'>WERDE FAN DEINES ERFOLGS.<\/p>\r\n                                        <div class=\"con-wrapper text- \">\r\n                                            \n<p class=\"wp-block-wt-split-block\">Du m\u00f6chtest etwas bewegen? Willkommen bei den Profis f\u00fcr Antriebe schwerer Arbeitsmaschinen! Wir wandeln deine Motivation in K\u00f6nnen um und machen dich fit f\u00fcr die Herausforderungen von morgen.<br><br>&#8211; <mark style=\"background-color:rgba(0, 0, 0, 0);color:#0068b4\" class=\"has-inline-color\">Erfahrenes, zertifiziertes Ausbilderteam<br>&#8211; Mehrfache IHK-Auszeichnungen<br>&#8211; Unterst\u00fctzung bei der Pr\u00fcfungsvorbereitung<br>&#8211; Beteiligung an verschiedenen Projekten<br><\/mark><\/p>\n \r\n                                            \r\n                                        <\/div>\r\n                                                                      \r\n                                    <\/div>\r\n                                    \r\n                                <\/div>\r\n                             \r\n                            <\/div>\r\n                            \r\n                            <div class=\"col-12 col-lg-4 ps-lg-0 mob d-flex align-items-center \">\r\n                                <img loading=\"lazy\" decoding=\"async\" width=\"400\" height=\"400\" src=\"https:\/\/www.nafaxles.com\/wp-content\/uploads\/2025\/06\/Ausbildung_A.jpg\" class=\"img-fluid img-width-height\" alt=\"\" srcset=\"https:\/\/www.nafaxles.com\/wp-content\/uploads\/2025\/06\/Ausbildung_A.jpg 400w, https:\/\/www.nafaxles.com\/wp-content\/uploads\/2025\/06\/Ausbildung_A-300x300.jpg 300w, https:\/\/www.nafaxles.com\/wp-content\/uploads\/2025\/06\/Ausbildung_A-150x150.jpg 150w\" sizes=\"auto, (max-width: 400px) 100vw, 400px\" \/>\r\n                            <\/div>\r\n                            \r\n                        <\/div>\r\n                    <\/div>                            \r\n                <\/div>\r\n                                                  \r\n            <\/section>\n\n            \r\n            <section id=\"default-naf\" class=\"split-block split-block-id-69f46c8ed9890 split-block-layout-boxed split-block-select-layout-1 default-naf container-70x30\">\r\n                            \r\n                    <div class=\"container\">                        \r\n                        \r\n                        <div class=\"split-wrapper\">\r\n                            <div class=\"row d-flex w-100 \">\r\n                            \r\n                                <div class=\"col-12 col-lg-4 pe-lg-0 mob d-flex align-items-center justify-content-end\">\r\n                                    <img loading=\"lazy\" decoding=\"async\" width=\"400\" height=\"400\" src=\"https:\/\/www.nafaxles.com\/wp-content\/uploads\/2025\/06\/Ausbildung_N.jpg\" class=\"img-fluid img-width-height\" alt=\"\" srcset=\"https:\/\/www.nafaxles.com\/wp-content\/uploads\/2025\/06\/Ausbildung_N.jpg 400w, https:\/\/www.nafaxles.com\/wp-content\/uploads\/2025\/06\/Ausbildung_N-300x300.jpg 300w, https:\/\/www.nafaxles.com\/wp-content\/uploads\/2025\/06\/Ausbildung_N-150x150.jpg 150w\" sizes=\"auto, (max-width: 400px) 100vw, 400px\" \/>\r\n                                <\/div>\r\n                                \r\n                                <div class=\"col-12 col-lg-8 mob ps-lg-0\">\r\n                                    <div class=\"content-70x30 d-flex align-items-center bg-white text-right\">\r\n                                       \r\n                                       <div class=\"content-wrapper px-4\">\r\n                                            <img class='image-content-70x30' src=''\/> \r\n                                            <h2 class='headline text-black'>NACHHALTIGKEIT<\/h2>\r\n                                            <p class='headline-under-description text-black'>WERDE FAN DEINER ZUKUNFT.<\/p>\r\n                                            <div class=\"con-wrapper text-\">\r\n                                                \n<p class=\"wp-block-wt-split-block\">Deine Arbeit soll sinnvoll sein? Werde Teil eines Familienunternehmens, das in Generationen denkt und mit seinen Achsen zu einem m\u00f6glichst schonenden Umgang mit wertvollen B\u00f6den beitr\u00e4gt.<br><br><mark style=\"background-color:rgba(0, 0, 0, 0);color:#0068b4\" class=\"has-inline-color\">&#8211; Langfristige Arbeitsverh\u00e4ltnisse<br>&#8211; Gewinnbeteiligung<br>&#8211; Gesundheitsf\u00f6rderung<br>&#8211; Kostenloses Obst und Hei\u00dfgetr\u00e4nke<br><\/mark><\/p>\n\r\n                                                \r\n                                              \r\n                                            <\/div>\r\n                                            \r\n                                       <\/div>\r\n                                    <\/div>\r\n                                <\/div>\r\n                                \r\n                            <\/div>\r\n                        <\/div>                            \r\n                    <\/div>\r\n                                                  \r\n            <\/section>\n\n\n<div style=\"height:50px\" aria-hidden=\"true\" class=\"wp-block-spacer\"><\/div>\n\n\n\r\n            <section class=\"testimonial-block testimonial-block-id-69f46c8ed9b66  bg-blue\">\r\n                    <div class=\"container\">\r\n                          <div class=\"carousel-header mb-lg-5\"><h2 class=\" text-white align-left \"><\/h2><\/div><div id=\"testimonialCarousel\" class=\"carousel slide\"><div class=\"carousel-inner\">\r\n                <div class=\"carousel-item active slide-0 \">\r\n                <div class=\"d-flex flex-md-row flex-column justify-content-center align-items-center\">\r\n                \r\n                    <div class=\"col-12 col-md-4\">\r\n                        \r\n                        <div class=\"video-container-testimonials\">\r\n                        <video loop autoplay muted style=\"width: 100%; height: auto;\">\r\n                            <source src=\"\/wp-content\/uploads\/2025\/06\/Instagram_Reel_Ausbilder-stellen-sich-vor.mp4\" type=\"video\/mp4\">\r\n                            Your browser does not support the video tag.\r\n                        <\/video>\r\n                    <\/div>\r\n                        \r\n                    <\/div>\r\n                    <div class=\"col-12 col-md-8 d-flex flex-column ps-3 pe-3 pe-md-0 ps-md-5 text-white \">\r\n                        <div class=\"icon-testimonial\">\r\n                            <img decoding=\"async\" class=\"mb-2 bg-\" src=\"\/wp-content\/themes\/nafaxles\/img\/quote.png\">\r\n                        <\/div>\r\n                        <div class=\"quote-wrapper\">Unsere Ausbilder stellen sich mit dem \u201eThis or That Trend\u201c etwas genauer vor.<\/div>\r\n                        <div class=\"company-wrapper\">\r\n                            <p><span>Alexandra, Vanessa und Stefan kennenlernen!<\/span><\/p>\r\n                            <div class=\"custom-carousel-controls\">\r\n                                <button id=\"buttonleft\" class=\" text-white \" onclick=\"prevSlide()\">&#10094;<\/button>\r\n                                <div class=\"custom-indicators\"><button class=\" bg-white  indicator indicator-0\" onclick=\"goToSlide(0)\"><\/button><button class=\" bg-white  indicator indicator-1\" onclick=\"goToSlide(1)\"><\/button><button class=\" bg-white  indicator indicator-2\" onclick=\"goToSlide(2)\"><\/button><button class=\" bg-white  indicator indicator-3\" onclick=\"goToSlide(3)\"><\/button>                <\/div>\r\n                                <button id=\"buttonright\" class=\" text-white \" onclick=\"nextSlide()\">&#10095;<\/button>\r\n                            <\/div>\r\n                        <\/div>  \r\n                    <\/div>\r\n                <\/div>\r\n              <\/div>\r\n                <div class=\"carousel-item  slide-1 \">\r\n                <div class=\"d-flex flex-md-row flex-column justify-content-center align-items-center\">\r\n                \r\n                    <div class=\"col-12 col-md-4\">\r\n                        \r\n                        <div class=\"video-container-testimonials\">\r\n                        <video loop autoplay muted style=\"width: 100%; height: auto;\">\r\n                            <source src=\"\/wp-content\/uploads\/2025\/06\/Instagram_Reel_Kuchen.mp4\" type=\"video\/mp4\">\r\n                            Your browser does not support the video tag.\r\n                        <\/video>\r\n                    <\/div>\r\n                        \r\n                    <\/div>\r\n                    <div class=\"col-12 col-md-8 d-flex flex-column ps-3 pe-3 pe-md-0 ps-md-5 text-white \">\r\n                        <div class=\"icon-testimonial\">\r\n                            <img decoding=\"async\" class=\"mb-2 bg-\" src=\"\/wp-content\/themes\/nafaxles\/img\/quote.png\">\r\n                        <\/div>\r\n                        <div class=\"quote-wrapper\">Wir lieeeben Kuchen! Du auch?<\/div>\r\n                        <div class=\"company-wrapper\">\r\n                            <p><span>Dann komm in unser Team \ud83d\ude42 <\/span><\/p>\r\n                            <div class=\"custom-carousel-controls\">\r\n                                <button id=\"buttonleft\" class=\" text-white \" onclick=\"prevSlide()\">&#10094;<\/button>\r\n                                <div class=\"custom-indicators\"><button class=\" bg-white  indicator indicator-0\" onclick=\"goToSlide(0)\"><\/button><button class=\" bg-white  indicator indicator-1\" onclick=\"goToSlide(1)\"><\/button><button class=\" bg-white  indicator indicator-2\" onclick=\"goToSlide(2)\"><\/button><button class=\" bg-white  indicator indicator-3\" onclick=\"goToSlide(3)\"><\/button>                <\/div>\r\n                                <button id=\"buttonright\" class=\" text-white \" onclick=\"nextSlide()\">&#10095;<\/button>\r\n                            <\/div>\r\n                        <\/div>  \r\n                    <\/div>\r\n                <\/div>\r\n              <\/div>\r\n                <div class=\"carousel-item  slide-2 \">\r\n                <div class=\"d-flex flex-md-row flex-column justify-content-center align-items-center\">\r\n                \r\n                    <div class=\"col-12 col-md-4\">\r\n                        \r\n                        <div class=\"video-container-testimonials\">\r\n                        <video loop autoplay muted style=\"width: 100%; height: auto;\">\r\n                            <source src=\"\/wp-content\/uploads\/2025\/06\/Instagram_Reel_Wir-suchen.mp4\" type=\"video\/mp4\">\r\n                            Your browser does not support the video tag.\r\n                        <\/video>\r\n                    <\/div>\r\n                        \r\n                    <\/div>\r\n                    <div class=\"col-12 col-md-8 d-flex flex-column ps-3 pe-3 pe-md-0 ps-md-5 text-white \">\r\n                        <div class=\"icon-testimonial\">\r\n                            <img decoding=\"async\" class=\"mb-2 bg-\" src=\"\/wp-content\/themes\/nafaxles\/img\/quote.png\">\r\n                        <\/div>\r\n                        <div class=\"quote-wrapper\">Wir suchen! &#8211; Vielleicht dich?<\/div>\r\n                        <div class=\"company-wrapper\">\r\n                            <p><span>Jetzt f\u00fcr eine Ausbildung bei uns bewerben.<\/span><\/p>\r\n                            <div class=\"custom-carousel-controls\">\r\n                                <button id=\"buttonleft\" class=\" text-white \" onclick=\"prevSlide()\">&#10094;<\/button>\r\n                                <div class=\"custom-indicators\"><button class=\" bg-white  indicator indicator-0\" onclick=\"goToSlide(0)\"><\/button><button class=\" bg-white  indicator indicator-1\" onclick=\"goToSlide(1)\"><\/button><button class=\" bg-white  indicator indicator-2\" onclick=\"goToSlide(2)\"><\/button><button class=\" bg-white  indicator indicator-3\" onclick=\"goToSlide(3)\"><\/button>                <\/div>\r\n                                <button id=\"buttonright\" class=\" text-white \" onclick=\"nextSlide()\">&#10095;<\/button>\r\n                            <\/div>\r\n                        <\/div>  \r\n                    <\/div>\r\n                <\/div>\r\n              <\/div>\r\n                <div class=\"carousel-item  slide-3 \">\r\n                <div class=\"d-flex flex-md-row flex-column justify-content-center align-items-center\">\r\n                \r\n                    <div class=\"col-12 col-md-4\">\r\n                        \r\n                        <div class=\"video-container-testimonials\">\r\n                        <video loop autoplay muted style=\"width: 100%; height: auto;\">\r\n                            <source src=\"\/wp-content\/uploads\/2025\/06\/Instagram_Reel_Werkzeuge-benennen.mp4\" type=\"video\/mp4\">\r\n                            Your browser does not support the video tag.\r\n                        <\/video>\r\n                    <\/div>\r\n                        \r\n                    <\/div>\r\n                    <div class=\"col-12 col-md-8 d-flex flex-column ps-3 pe-3 pe-md-0 ps-md-5 text-white \">\r\n                        <div class=\"icon-testimonial\">\r\n                            <img decoding=\"async\" class=\"mb-2 bg-\" src=\"\/wp-content\/themes\/nafaxles\/img\/quote.png\">\r\n                        <\/div>\r\n                        <div class=\"quote-wrapper\">Na, kennst du auch schon alle Werkzeuge?<\/div>\r\n                        <div class=\"company-wrapper\">\r\n                            <p><span>Wir bringen es dir in deiner Ausbildung bei!<\/span><\/p>\r\n                            <div class=\"custom-carousel-controls\">\r\n                                <button id=\"buttonleft\" class=\" text-white \" onclick=\"prevSlide()\">&#10094;<\/button>\r\n                                <div class=\"custom-indicators\"><button class=\" bg-white  indicator indicator-0\" onclick=\"goToSlide(0)\"><\/button><button class=\" bg-white  indicator indicator-1\" onclick=\"goToSlide(1)\"><\/button><button class=\" bg-white  indicator indicator-2\" onclick=\"goToSlide(2)\"><\/button><button class=\" bg-white  indicator indicator-3\" onclick=\"goToSlide(3)\"><\/button>                <\/div>\r\n                                <button id=\"buttonright\" class=\" text-white \" onclick=\"nextSlide()\">&#10095;<\/button>\r\n                            <\/div>\r\n                        <\/div>  \r\n                    <\/div>\r\n                <\/div>\r\n              <\/div><\/div><\/div>\r\n                    <\/div>\r\n            <\/section>\n\n<section class=\"tab-table-block tab-table-block-id-69f46c8ed9ce5 \">\r\n                <div class=\"container\">\r\n                    <div class=\"accWrapper\">\r\n                        <div class=\"tab-content\" id=\"pills-tabContent\">\r\n                            <div class=\"tab-pane fade show active\" id=\"pills-1\" role=\"tabpanel\" aria-labelledby=\"pills-1-tab\">\r\n                                <div class=\"d-flex flex-column justify-content-center align-items-center\">\r\n                            <img decoding=\"async\" width=\"200\" src=\"https:\/\/www.nafaxles.com\/wp-content\/uploads\/2025\/06\/Icon_Kalender.svg\" \/>\r\n                        <\/div>\r\n                                <h1 class='headline text-center'>Karriere-Messen<\/h1>\r\n                                <p class=\"textBlock-text fs-16 fw-medium lh-26\">Hier findest du eine \u00dcbersicht, auf welchen Ausbildungsmessen du uns in n\u00e4chster Zeit pers\u00f6nlich treffen kannst. Wir freuen uns auf deinen Besuch an unserem Stand!<\/p>\r\n                                <div class=\"table-responsive\">\r\n                <table class=\"table design-table\">\r\n                    <thead class=\"design-table fs-16 fw-medium lh-26\"><tr><th>Datum<\/th><th>Veranstaltung<\/th><th>Standnummer<\/th><th>Weitere Infos<\/th><th><\/th><\/tr><\/thead>\r\n                    <tbody class=\"fs-16 fw-medium lh-26\">\r\n                        <tr class=\" \"><td>22.04 &#8211; 23.04.2026<\/td><td><a href=\"https:\/\/www.vocatium.de\/messen\/info\/vocatium-erlangen\" target=\"_blank\" rel=\"noopener noreferrer\">Vocatium Erlangen<\/a><\/td><td><\/td><td><\/td><\/tr><tr class=\" \"><td>09.05.2026<\/td><td><a href=\"https:\/\/berufsinfomesse-forchheim.de\/\" target=\"_blank\" rel=\"noopener noreferrer\">Ausbildungsmesse Forchheim<\/a><\/td><td><\/td><td>Kommt vorbei und stellt euch unserer Challenge!<\/td><\/tr>\r\n                    <\/tbody>\r\n                <\/table>\r\n            <\/div>\r\n                                <div class=\"d-flex flex-column justify-content-center align-items-center mt-4\">\r\n                            <img decoding=\"async\" class=\"image-2\" src=\"https:\/\/www.nafaxles.com\/wp-content\/uploads\/2025\/06\/Ausbildung_Messetermine.jpg\" \/>\r\n                        <\/div>\r\n                            <\/div>\r\n                        <\/div>                        \r\n                    <\/div>                        \r\n                <\/div>                                            \r\n            <\/section>\n\n\n<div style=\"height:100px\" aria-hidden=\"true\" class=\"wp-block-spacer\"><\/div>\n\n\n\r\n                        <section class=\"textBlock pt-5  bg-naf-gray\">\r\n                            \r\n                                <div class=\"container\">\r\n                                    \r\n                                    \r\n                                    \r\n                                    \r\n                                    \r\n                                    <div class=\"row\">                                        \r\n                        <div class=\"col\">\r\n                            <h1 class=\"textBlock-headline text-naf-white upper    center center\">Ansprechpartner<\/h1>\r\n                         \r\n                        <\/div>                                        \r\n                    <\/div>\r\n                                    \r\n                                    <div class=\"row text\">\r\n                                        <div class=\"col\">\r\n                                            <div class=\"textBlock-text fs-16 fw-medium lh-26 text-naf-white\">\r\n                                                \n<p class=\"wp-block-wt-text-block center\">Du brauchst noch weitere Informationen oder hast Fragen? Unser Ausbildungsteam freut sich auf deine Nachricht.<\/p>\n\r\n                                            <\/div>\r\n                                        <\/div>                                        \r\n                                    <\/div>\r\n                                    \r\n                                    <div class=\"align-items-center justify-content-center gap-5\">\r\n                                    \r\n                                        \r\n                            <\/div>\r\n                                <\/div>  \r\n                                                           \r\n                        <\/section>\r\n                    \n\n\r\n  \r\n    <section class=\"card-block pt-5 pb-5 bg-naf-gray card-block-id-69f46c8ed9fb1\">\r\n        \r\n        <div class=\"container container-two-two\">\r\n            <div class=\"row card-items-container\">\r\n                \r\n            <div class=\"card-item card-container col-12 col-md-6\" id=\"card-1\">\r\n                <div class=\"image-naf-card\"><img decoding=\"async\" class=\"card-icons\" src=\"https:\/\/www.nafaxles.com\/wp-content\/uploads\/2025\/06\/Ausbilder_gewerblich.jpg\" alt=\"Card Icon\"><\/div>\r\n                <div class=\"front-card\" onclick=\"toggle_card(1)\">\r\n                    \r\n                    <p class=\"front-card-title\">GEWERBLICHE <br>AUSBILDUNG<\/p>\r\n                    <div class=\"icon-button-open\">+<\/div>\r\n                <\/div>\r\n          \r\n   \r\n                <div class=\"back-card d-none\">  \r\n                    <div class=\"back-card-content\"><p>a&#117;&#x73;&#x62;&#x69;l&#100;&#117;&#x6e;&#x67;&#64;&#110;&#97;&#x66;&#x61;xl&#101;&#x73;&#x2e;&#x63;o&#109;<\/p>\n<p>Stefan Singer<br \/>\nTelefon +49 9134 702 601<\/p>\n<p>Andreas M\u00f6lkner<br \/>\nTelefon +49 9134 702 614<\/p>\n<\/div>\r\n                    <div class=\"icon-button-close\" onclick=\"toggle_card(1)\">&#8211;<\/div>\r\n                <\/div>\r\n            <\/div>\r\n        \r\n            <div class=\"card-item card-container col-12 col-md-6\" id=\"card-2\">\r\n                <div class=\"image-naf-card\"><img decoding=\"async\" class=\"card-icons\" src=\"https:\/\/www.nafaxles.com\/wp-content\/uploads\/2025\/06\/Ausbilder_kaufmannisch.jpg\" alt=\"Card Icon\"><\/div>\r\n                <div class=\"front-card\" onclick=\"toggle_card(2)\">\r\n                    \r\n                    <p class=\"front-card-title\">KAUFM\u00c4NNISCHE AUSBILDUNG<\/p>\r\n                    <div class=\"icon-button-open\">+<\/div>\r\n                <\/div>\r\n          \r\n   \r\n                <div class=\"back-card d-none\">  \r\n                    <div class=\"back-card-content\"><p>&#x61;&#117;&#x73;&#x62;&#105;&#x6c;&#100;u&#x6e;&#103;&#64;&#x6e;&#97;f&#x61;&#120;l&#x65;&#115;&#x2e;&#x63;&#111;&#x6d;<\/p>\n<p>Alexandra Wei\u00df<br \/>\nTelefon +49 9134 702 127<\/p>\n<p>Vanessa Wagner<br \/>\nTelefon +49 9134 702 655<\/p>\n<\/div>\r\n                    <div class=\"icon-button-close\" onclick=\"toggle_card(2)\">&#8211;<\/div>\r\n                <\/div>\r\n            <\/div>\r\n        \r\n            <\/div>\r\n        <\/div>\r\n        \r\n    <\/section>\n\n\n<div style=\"height:50px\" aria-hidden=\"true\" class=\"wp-block-spacer\"><\/div>\n","protected":false},"excerpt":{"rendered":"","protected":false},"author":1,"featured_media":0,"parent":406,"menu_order":0,"comment_status":"closed","ping_status":"closed","template":"","meta":{"footnotes":""},"class_list":["post-9425","page","type-page","status-publish","hentry"],"yoast_head":"<!-- This site is optimized with the Yoast SEO plugin v27.1.1 - https:\/\/yoast.com\/product\/yoast-seo-wordpress\/ -->\n<title>Ausbildung - NAF \u2013 Neunkirchener Achsenfabrik<\/title>\n<meta name=\"robots\" content=\"index, follow, max-snippet:-1, max-image-preview:large, max-video-preview:-1\" \/>\n<link rel=\"canonical\" href=\"https:\/\/www.nafaxles.com\/de\/karriere\/ausbildung\/\" \/>\n<meta property=\"og:locale\" content=\"de_DE\" \/>\n<meta property=\"og:type\" content=\"article\" \/>\n<meta property=\"og:title\" content=\"Ausbildung - NAF \u2013 Neunkirchener Achsenfabrik\" \/>\n<meta property=\"og:url\" content=\"https:\/\/www.nafaxles.com\/de\/karriere\/ausbildung\/\" \/>\n<meta property=\"og:site_name\" content=\"NAF \u2013 Neunkirchener Achsenfabrik\" \/>\n<meta property=\"article:publisher\" content=\"https:\/\/www.facebook.com\/NAF-Neunkirchener-Achsenfabrik-AG-159635987405144\/\" \/>\n<meta property=\"article:modified_time\" content=\"2026-04-17T12:50:05+00:00\" \/>\n<meta property=\"og:image\" content=\"https:\/\/www.nafaxles.com\/wp-content\/uploads\/2025\/06\/Ausbildung_FAN_deiner-Zukunft_einzeilig.jpg\" \/>\n<meta name=\"twitter:card\" content=\"summary_large_image\" \/>\n<meta name=\"twitter:site\" content=\"@nafaxles\" \/>\n<meta name=\"twitter:label1\" content=\"Gesch\u00e4tzte Lesezeit\" \/>\n\t<meta name=\"twitter:data1\" content=\"1\u00a0Minute\" \/>\n<script type=\"application\/ld+json\" class=\"yoast-schema-graph\">{\"@context\":\"https:\/\/schema.org\",\"@graph\":[{\"@type\":\"WebPage\",\"@id\":\"https:\/\/www.nafaxles.com\/de\/karriere\/ausbildung\/\",\"url\":\"https:\/\/www.nafaxles.com\/de\/karriere\/ausbildung\/\",\"name\":\"Ausbildung - NAF \u2013 Neunkirchener Achsenfabrik\",\"isPartOf\":{\"@id\":\"https:\/\/de.nafaxles.com\/#website\"},\"primaryImageOfPage\":{\"@id\":\"https:\/\/www.nafaxles.com\/de\/karriere\/ausbildung\/#primaryimage\"},\"image\":{\"@id\":\"https:\/\/www.nafaxles.com\/de\/karriere\/ausbildung\/#primaryimage\"},\"thumbnailUrl\":\"https:\/\/www.nafaxles.com\/wp-content\/uploads\/2025\/06\/Ausbildung_FAN_deiner-Zukunft_einzeilig.jpg\",\"datePublished\":\"2025-06-26T09:25:48+00:00\",\"dateModified\":\"2026-04-17T12:50:05+00:00\",\"breadcrumb\":{\"@id\":\"https:\/\/www.nafaxles.com\/de\/karriere\/ausbildung\/#breadcrumb\"},\"inLanguage\":\"de\",\"potentialAction\":[{\"@type\":\"ReadAction\",\"target\":[\"https:\/\/www.nafaxles.com\/de\/karriere\/ausbildung\/\"]}]},{\"@type\":\"ImageObject\",\"inLanguage\":\"de\",\"@id\":\"https:\/\/www.nafaxles.com\/de\/karriere\/ausbildung\/#primaryimage\",\"url\":\"https:\/\/www.nafaxles.com\/wp-content\/uploads\/2025\/06\/Ausbildung_FAN_deiner-Zukunft_einzeilig.jpg\",\"contentUrl\":\"https:\/\/www.nafaxles.com\/wp-content\/uploads\/2025\/06\/Ausbildung_FAN_deiner-Zukunft_einzeilig.jpg\"},{\"@type\":\"BreadcrumbList\",\"@id\":\"https:\/\/www.nafaxles.com\/de\/karriere\/ausbildung\/#breadcrumb\",\"itemListElement\":[{\"@type\":\"ListItem\",\"position\":1,\"name\":\"Startseite\",\"item\":\"https:\/\/www.nafaxles.com\/de\/\"},{\"@type\":\"ListItem\",\"position\":2,\"name\":\"Karriere\",\"item\":\"https:\/\/de.nafaxles.com\/karriere\/\"},{\"@type\":\"ListItem\",\"position\":3,\"name\":\"Ausbildung\"}]},{\"@type\":\"WebSite\",\"@id\":\"https:\/\/de.nafaxles.com\/#website\",\"url\":\"https:\/\/de.nafaxles.com\/\",\"name\":\"NAF \u2013 Neunkirchener Achsenfabrik\",\"description\":\"\",\"potentialAction\":[{\"@type\":\"SearchAction\",\"target\":{\"@type\":\"EntryPoint\",\"urlTemplate\":\"https:\/\/de.nafaxles.com\/?s={search_term_string}\"},\"query-input\":{\"@type\":\"PropertyValueSpecification\",\"valueRequired\":true,\"valueName\":\"search_term_string\"}}],\"inLanguage\":\"de\"}]}<\/script>\n<!-- \/ Yoast SEO plugin. -->","yoast_head_json":{"title":"Ausbildung - NAF \u2013 Neunkirchener Achsenfabrik","robots":{"index":"index","follow":"follow","max-snippet":"max-snippet:-1","max-image-preview":"max-image-preview:large","max-video-preview":"max-video-preview:-1"},"canonical":"https:\/\/www.nafaxles.com\/de\/karriere\/ausbildung\/","og_locale":"de_DE","og_type":"article","og_title":"Ausbildung - NAF \u2013 Neunkirchener Achsenfabrik","og_url":"https:\/\/www.nafaxles.com\/de\/karriere\/ausbildung\/","og_site_name":"NAF \u2013 Neunkirchener Achsenfabrik","article_publisher":"https:\/\/www.facebook.com\/NAF-Neunkirchener-Achsenfabrik-AG-159635987405144\/","article_modified_time":"2026-04-17T12:50:05+00:00","og_image":[{"url":"https:\/\/www.nafaxles.com\/wp-content\/uploads\/2025\/06\/Ausbildung_FAN_deiner-Zukunft_einzeilig.jpg","type":"","width":"","height":""}],"twitter_card":"summary_large_image","twitter_site":"@nafaxles","twitter_misc":{"Gesch\u00e4tzte Lesezeit":"1\u00a0Minute"},"schema":{"@context":"https:\/\/schema.org","@graph":[{"@type":"WebPage","@id":"https:\/\/www.nafaxles.com\/de\/karriere\/ausbildung\/","url":"https:\/\/www.nafaxles.com\/de\/karriere\/ausbildung\/","name":"Ausbildung - NAF \u2013 Neunkirchener Achsenfabrik","isPartOf":{"@id":"https:\/\/de.nafaxles.com\/#website"},"primaryImageOfPage":{"@id":"https:\/\/www.nafaxles.com\/de\/karriere\/ausbildung\/#primaryimage"},"image":{"@id":"https:\/\/www.nafaxles.com\/de\/karriere\/ausbildung\/#primaryimage"},"thumbnailUrl":"https:\/\/www.nafaxles.com\/wp-content\/uploads\/2025\/06\/Ausbildung_FAN_deiner-Zukunft_einzeilig.jpg","datePublished":"2025-06-26T09:25:48+00:00","dateModified":"2026-04-17T12:50:05+00:00","breadcrumb":{"@id":"https:\/\/www.nafaxles.com\/de\/karriere\/ausbildung\/#breadcrumb"},"inLanguage":"de","potentialAction":[{"@type":"ReadAction","target":["https:\/\/www.nafaxles.com\/de\/karriere\/ausbildung\/"]}]},{"@type":"ImageObject","inLanguage":"de","@id":"https:\/\/www.nafaxles.com\/de\/karriere\/ausbildung\/#primaryimage","url":"https:\/\/www.nafaxles.com\/wp-content\/uploads\/2025\/06\/Ausbildung_FAN_deiner-Zukunft_einzeilig.jpg","contentUrl":"https:\/\/www.nafaxles.com\/wp-content\/uploads\/2025\/06\/Ausbildung_FAN_deiner-Zukunft_einzeilig.jpg"},{"@type":"BreadcrumbList","@id":"https:\/\/www.nafaxles.com\/de\/karriere\/ausbildung\/#breadcrumb","itemListElement":[{"@type":"ListItem","position":1,"name":"Startseite","item":"https:\/\/www.nafaxles.com\/de\/"},{"@type":"ListItem","position":2,"name":"Karriere","item":"https:\/\/de.nafaxles.com\/karriere\/"},{"@type":"ListItem","position":3,"name":"Ausbildung"}]},{"@type":"WebSite","@id":"https:\/\/de.nafaxles.com\/#website","url":"https:\/\/de.nafaxles.com\/","name":"NAF \u2013 Neunkirchener Achsenfabrik","description":"","potentialAction":[{"@type":"SearchAction","target":{"@type":"EntryPoint","urlTemplate":"https:\/\/de.nafaxles.com\/?s={search_term_string}"},"query-input":{"@type":"PropertyValueSpecification","valueRequired":true,"valueName":"search_term_string"}}],"inLanguage":"de"}]}},"_links":{"self":[{"href":"https:\/\/www.nafaxles.com\/de\/wp-json\/wp\/v2\/pages\/9425","targetHints":{"allow":["GET"]}}],"collection":[{"href":"https:\/\/www.nafaxles.com\/de\/wp-json\/wp\/v2\/pages"}],"about":[{"href":"https:\/\/www.nafaxles.com\/de\/wp-json\/wp\/v2\/types\/page"}],"author":[{"embeddable":true,"href":"https:\/\/www.nafaxles.com\/de\/wp-json\/wp\/v2\/users\/1"}],"replies":[{"embeddable":true,"href":"https:\/\/www.nafaxles.com\/de\/wp-json\/wp\/v2\/comments?post=9425"}],"version-history":[{"count":14,"href":"https:\/\/www.nafaxles.com\/de\/wp-json\/wp\/v2\/pages\/9425\/revisions"}],"predecessor-version":[{"id":10457,"href":"https:\/\/www.nafaxles.com\/de\/wp-json\/wp\/v2\/pages\/9425\/revisions\/10457"}],"up":[{"embeddable":true,"href":"https:\/\/www.nafaxles.com\/de\/wp-json\/wp\/v2\/pages\/406"}],"wp:attachment":[{"href":"https:\/\/www.nafaxles.com\/de\/wp-json\/wp\/v2\/media?parent=9425"}],"curies":[{"name":"wp","href":"https:\/\/api.w.org\/{rel}","templated":true}]}}