{"id":410,"date":"2021-07-28T13:15:32","date_gmt":"2021-07-28T11:15:32","guid":{"rendered":"https:\/\/nafna.webthinker.de\/?page_id=410"},"modified":"2026-02-26T14:35:33","modified_gmt":"2026-02-26T13:35:33","slug":"naf-als-arbeitgeber","status":"publish","type":"page","link":"https:\/\/www.nafaxles.com\/de\/karriere\/naf-als-arbeitgeber\/","title":{"rendered":"NAF als Arbeitgeber"},"content":{"rendered":"\r\n        <section class=\"slider-section\">\r\n            <div class=\"slider-content-wrapper\">\r\n                <div class=\"owl-carousel\">\r\n            <div class=\"slide wt-gf1-0\">\r\n                <div class=\"image-area\">\r\n                    <img loading=\"lazy\" decoding=\"async\" width=\"1701\" height=\"595\" src=\"https:\/\/www.nafaxles.com\/wp-content\/uploads\/2025\/06\/Header_Arbeitgeber_.jpg\" class=\"attachment-full size-full\" alt=\"\" srcset=\"https:\/\/www.nafaxles.com\/wp-content\/uploads\/2025\/06\/Header_Arbeitgeber_.jpg 1701w, https:\/\/www.nafaxles.com\/wp-content\/uploads\/2025\/06\/Header_Arbeitgeber_-300x105.jpg 300w, https:\/\/www.nafaxles.com\/wp-content\/uploads\/2025\/06\/Header_Arbeitgeber_-1024x358.jpg 1024w, https:\/\/www.nafaxles.com\/wp-content\/uploads\/2025\/06\/Header_Arbeitgeber_-768x269.jpg 768w, https:\/\/www.nafaxles.com\/wp-content\/uploads\/2025\/06\/Header_Arbeitgeber_-1536x537.jpg 1536w\" sizes=\"auto, (max-width: 1701px) 100vw, 1701px\" \/>\r\n                <\/div>\r\n                <div class=\"text-area\">\r\n                    <span class=\"over-headline upper\"><\/span>\r\n                    <h2 class=\"slide-headline upper\">Bau mit uns <br> die beste Achse der Welt<\/h2>\r\n                    \r\n                    \r\n                        <a href=\"https:\/\/zukunft.nafaxles.com\/de\" title=\"JETZT BEWERBEN\" target=\"_blank\" rel=\"noopener\">\r\n                            <div class=\"btn btn-blue\">\r\n                                <span>JETZT BEWERBEN<\/span>\r\n                            <\/div>\r\n                        <\/a>\r\n                <\/div>\r\n            <\/div>\r\n                <\/div>\r\n                \r\n                \r\n            <\/div>\r\n            \r\n            <noscript>\r\n                <style>\r\n                    \r\n                    .slider-section .box-wrapper.hidden, \r\n                    .slider-section .box-wrapper .box-content.hidden,                    \r\n                    .slider-section .owl-carousel {display:block !important;}\r\n                    \r\n                    .slider-section .owl-pagination,\r\n                    .slider-section .owl-control,\r\n                    .slider-section .box-wrapper .close-button,\r\n                    .slider-section .box-wrapper:before {\r\n                        display:none !important;\r\n                    }\r\n                    .slider-section .owl-carousel .slide {overflow:hidden;}\r\n                    .slider-section .box-wrapper {position:relative !important;}\r\n                    .slider-section .box-wrapper .box-content {margin: 25px auto !important;}\r\n                <\/style>\r\n            <\/noscript>\r\n        <\/section>\n\n\n<div style=\"height:50px\" aria-hidden=\"true\" class=\"wp-block-spacer\"><\/div>\n\n\n\r\n                        <section class=\"textBlock   bg-naf-\">\r\n                            \r\n                                <div class=\"container\">\r\n                                    \r\n                                    <div class=\"row\">                                        \r\n                        <div class=\"col\">\r\n                            <h1 class=\"textBlock-headline upper text-naf-black    center center\">NAF ALS ARBEITGEBER<\/h1>\r\n                            \r\n                        <\/div>                                        \r\n                    <\/div>\r\n                                    \r\n                                    \r\n                                    \r\n                                    \r\n                                    \r\n                                    <div class=\"row text\">\r\n                                        <div class=\"col\">\r\n                                            <div class=\"textBlock-text fs-16 fw-medium lh-26 text-naf-\">\r\n                                                \n<p class=\"wp-block-wt-text-block center\">Schweres Gel\u00e4nde, extreme Anforderungen \u2013 da f\u00fchlen sich unsere Achsen und Getriebe erst so richtig wohl. Mit unseren Antriebsl\u00f6sungen f\u00fcr Forstwesen, Landwirtschaft, Bau und Mining schaffen wir die Voraussetzungen, dass Schwerlastfahrzeuge H\u00f6chstleistungen erbringen k\u00f6nnen. Sie haben Lust, in einem famili\u00e4ren Umfeld zu arbeiten, das qualitativ hochwertige Produkte herstellt? Dann bauen Sie mit uns die beste Achse der Welt!<\/p>\n\r\n                                            <\/div>\r\n                                        <\/div>                                        \r\n                                    <\/div>\r\n                                    \r\n                                    <div class=\"align-items-center justify-content-center gap-5\">\r\n                                    <div class=\"text-button-styles\">\r\n                            <a target=\"_blank\" href=\"https:\/\/zukunft.nafaxles.com\/de\" class=\" bg-blue \">Offene Stellen<\/a>\r\n                          <\/div>\r\n                                        \r\n                            <\/div>\r\n                                <\/div>  \r\n                                                           \r\n                        <\/section>\r\n                    \n\n\n<div style=\"height:100px\" aria-hidden=\"true\" class=\"wp-block-spacer\"><\/div>\n\n\n\r\n    <div class=\"container-fluid number-teaser-block  number-teaser-gray\">\r\n     \r\n        \r\n        <div class=\"container \">\r\n            <div class=\"row\">\r\n               <h1 class='text-color-white d-flex justify-content-center align-items-center'>NAF in Zahlen<\/h1>\r\n                \r\n            <div class=\"counter-element col-12 col-sm-6 col-md-4 text-color-white\">\r\n                <div class=\"count webth-counter has-js\" data-target=\"2\" data-current=\"\">0<\/div>\r\n                <noscript>\r\n                    <style>.webth-counter.has-js{display:none}<\/style>\r\n                    <div class=\"count webth-counter\">2<\/div>\r\n                <\/noscript>\r\n                <div class=\"text\">Standorte <br>Neunkirchen am Brand, M\u00fcnchen<\/div>\r\n            <\/div>\r\n            \r\n                \r\n            <div class=\"counter-element col-12 col-sm-6 col-md-4 text-color-white\">\r\n                <div class=\"count webth-counter has-js\" data-target=\"600\" data-current=\"\">0<\/div>\r\n                <noscript>\r\n                    <style>.webth-counter.has-js{display:none}<\/style>\r\n                    <div class=\"count webth-counter\">600<\/div>\r\n                <\/noscript>\r\n                <div class=\"text\">Mitarbeitende gesamt<\/div>\r\n            <\/div>\r\n            \r\n                \r\n            <div class=\"counter-element col-12 col-sm-6 col-md-4 text-color-white\">\r\n                <div class=\"count webth-counter has-js\" data-target=\"26\" data-current=\"\">0<\/div>\r\n                <noscript>\r\n                    <style>.webth-counter.has-js{display:none}<\/style>\r\n                    <div class=\"count webth-counter\">26<\/div>\r\n                <\/noscript>\r\n                <div class=\"text\">Besch\u00e4ftigte in Forschung und Entwicklung<\/div>\r\n            <\/div>\r\n            \r\n                \r\n            <div class=\"counter-element col-12 col-sm-6 col-md-4 text-color-white\">\r\n                <div class=\"count webth-counter has-js\" data-target=\"19\" data-current=\"\">0<\/div>\r\n                <noscript>\r\n                    <style>.webth-counter.has-js{display:none}<\/style>\r\n                    <div class=\"count webth-counter\">19<\/div>\r\n                <\/noscript>\r\n                <div class=\"text\">Auszubildende<\/div>\r\n            <\/div>\r\n            \r\n                \r\n            <div class=\"counter-element col-12 col-sm-6 col-md-4 text-color-white\">\r\n                <div class=\"count webth-counter has-js\" data-target=\"46\" data-current=\"\">0<\/div>\r\n                <noscript>\r\n                    <style>.webth-counter.has-js{display:none}<\/style>\r\n                    <div class=\"count webth-counter\">46<\/div>\r\n                <\/noscript>\r\n                <div class=\"text\">belieferte L\u00e4nder weltweit<\/div>\r\n            <\/div>\r\n            \r\n                \r\n            <div class=\"counter-element col-12 col-sm-6 col-md-4 text-color-white\">\r\n                <div class=\"count webth-counter has-js\" data-target=\"35000\" data-current=\"\">0<\/div>\r\n                <noscript>\r\n                    <style>.webth-counter.has-js{display:none}<\/style>\r\n                    <div class=\"count webth-counter\">35000<\/div>\r\n                <\/noscript>\r\n                <div class=\"text\">m\u00b2 Produktionsfl\u00e4che<\/div>\r\n            <\/div>\r\n            \r\n            <\/div>\r\n        <\/div>\r\n    <\/div>\r\n    \n\n\n<div style=\"height:100px\" aria-hidden=\"true\" class=\"wp-block-spacer\"><\/div>\n\n\n\r\n                        <section class=\"textBlock   bg-naf-\">\r\n                            \r\n                                <div class=\"container\">\r\n                                    \r\n                                    <div class=\"row\">                                        \r\n                        <div class=\"col\">\r\n                            <h2 class=\"textBlock-headline upper text-naf-black  text-font-bold center center\">WIR SUCHEN SIE<\/h2>\r\n                            \r\n                        <\/div>                                        \r\n                    <\/div>\r\n                                    \r\n                                    \r\n                                    \r\n                                    \r\n                                    \r\n                                    <div class=\"row text\">\r\n                                        <div class=\"col\">\r\n                                            <div class=\"textBlock-text fs-16 fw-medium lh-26 text-naf-\">\r\n                                                \n<p class=\"wp-block-wt-text-block center\">Vom Praktikanten bis zum Experten &#8211;  als Team ziehen wir bei jedem Projekt an einem Strang. Unser gemeinsames Ziel: Hochwertige Produkte, begeisterte Kunden und zufriedene Mitarbeiter.<\/p>\n\r\n                                            <\/div>\r\n                                        <\/div>                                        \r\n                                    <\/div>\r\n                                    \r\n                                    <div class=\"align-items-center justify-content-center gap-5\">\r\n                                    \r\n                                        \r\n                            <\/div>\r\n                                <\/div>  \r\n                                                           \r\n                        <\/section>\r\n                    \n\n\n<div style=\"height:50px\" aria-hidden=\"true\" class=\"wp-block-spacer\"><\/div>\n\n\n\n<div class=\"wp-block-group container d-flex align-items-baseline flex-column flex-lg-row is-nowrap is-layout-flex wp-container-core-group-is-layout-ad2f72ca wp-block-group-is-layout-flex\">\r\n                        <section class=\"textBlock   bg-naf-\">\r\n                            \r\n                                <div class=\"container\">\r\n                                    \r\n                                    <div class=\"row\">                                        \r\n                        <div class=\"col\">\r\n                            <h2 class=\"textBlock-headline upper text-naf-black  text-font-bold center center\">Fachkr\u00e4fte<\/h2>\r\n                            \r\n                        <\/div>                                        \r\n                    <\/div>\r\n                                    \r\n                                    <div class=\"d-flex align-items-center justify-content-center\"><img loading=\"lazy\" decoding=\"async\" width=\"453\" height=\"280\" src=\"https:\/\/www.nafaxles.com\/wp-content\/uploads\/2025\/06\/Fachkrafte.jpg\" class=\"img-fluid\" alt=\"\" srcset=\"https:\/\/www.nafaxles.com\/wp-content\/uploads\/2025\/06\/Fachkrafte.jpg 453w, https:\/\/www.nafaxles.com\/wp-content\/uploads\/2025\/06\/Fachkrafte-300x185.jpg 300w\" sizes=\"auto, (max-width: 453px) 100vw, 453px\" \/><\/div>\r\n                                    \r\n                                    <div class=\"row\">                                        \r\n                        <div class=\"col\">\r\n                            <h1 class=\"textBlock-headline text-naf- upper text-font-bold  center center\"> <\/h2>\r\n                         \r\n                        <\/div>                                        \r\n                    <\/div>\r\n                                    \r\n                                    <div class=\"row text\">\r\n                                        <div class=\"col\">\r\n                                            <div class=\"textBlock-text fs-16 fw-medium lh-26 text-naf-\">\r\n                                                \n<p class=\"wp-block-wt-text-block center\">Von Entwicklung und Konstruktion \u00fcber Vertrieb und Einkauf bis zu Fertigung, Montage und Logistik \u2013 f\u00fcr unsere vielf\u00e4ltigen Aufgabengebiete sind wir immer auf der Suche nach qualifizierten Kollegen und Kolleginnen.<\/p>\n\r\n                                            <\/div>\r\n                                        <\/div>                                        \r\n                                    <\/div>\r\n                                    \r\n                                    <div class=\"d-md-flex align-items-center justify-content-center gap-5\">\r\n                                    <div class=\"text-button-styles\">\r\n                            <a target=\"_blank\" href=\"https:\/\/zukunft.nafaxles.com\/stellenangebote.html?reset_search=0&#038;search_mode=job_filter_advanced&#038;filter[taetigkeit_id][]=4\" class=\" bg-blue \">OFFENE STELLEN<\/a>\r\n                          <\/div>\r\n                                    \r\n                                        \r\n                            <\/div>\r\n                                <\/div>  \r\n                                                           \r\n                        <\/section>\r\n                    \n\n\r\n                        <section class=\"textBlock   bg-naf-\">\r\n                            \r\n                                <div class=\"container\">\r\n                                    \r\n                                    <div class=\"row\">                                        \r\n                        <div class=\"col\">\r\n                            <h2 class=\"textBlock-headline upper text-naf-black  text-font-bold center center\">Berufseinsteiger<\/h2>\r\n                            \r\n                        <\/div>                                        \r\n                    <\/div>\r\n                                    \r\n                                    <div class=\"d-flex align-items-center justify-content-center\"><img loading=\"lazy\" decoding=\"async\" width=\"453\" height=\"280\" src=\"https:\/\/www.nafaxles.com\/wp-content\/uploads\/2025\/06\/Berufseinsteiger.jpg\" class=\"img-fluid\" alt=\"\" srcset=\"https:\/\/www.nafaxles.com\/wp-content\/uploads\/2025\/06\/Berufseinsteiger.jpg 453w, https:\/\/www.nafaxles.com\/wp-content\/uploads\/2025\/06\/Berufseinsteiger-300x185.jpg 300w\" sizes=\"auto, (max-width: 453px) 100vw, 453px\" \/><\/div>\r\n                                    \r\n                                    <div class=\"row\">                                        \r\n                        <div class=\"col\">\r\n                            <h1 class=\"textBlock-headline text-naf- upper text-font-bold  center center\"> <\/h2>\r\n                         \r\n                        <\/div>                                        \r\n                    <\/div>\r\n                                    \r\n                                    <div class=\"row text\">\r\n                                        <div class=\"col\">\r\n                                            <div class=\"textBlock-text fs-16 fw-medium lh-26 text-naf-\">\r\n                                                \n<p class=\"wp-block-wt-text-block center\">Starte Deine Laufbahn als Praktikant oder Azubi. Wir sind Ausbildungsbetrieb aus Leidenschaft und bieten verschiedene M\u00f6glichkeiten im technischen und kaufm\u00e4nnischen Bereich.<\/p>\n\r\n                                            <\/div>\r\n                                        <\/div>                                        \r\n                                    <\/div>\r\n                                    \r\n                                    <div class=\"align-items-center justify-content-center gap-5\">\r\n                                    <div class=\"text-button-styles\">\r\n                            <a target=\"_self\" href=\"https:\/\/www.nafaxles.com\/de\/karriere\/ausbildung\/\" class=\" bg-blue \">AUSBILDUNG<\/a>\r\n                          <\/div>\r\n                                    <div class=\"text-button-styles\">\r\n                            <a target=\"_self\" href=\"https:\/\/www.nafaxles.com\/de\/karriere\/praktikum\/\" class=\" bg-blue \">PRAKTIKUM<\/a>\r\n                          <\/div>    \r\n                            <\/div>\r\n                                <\/div>  \r\n                                                           \r\n                        <\/section>\r\n                    <\/div>\n\n\n\n<div style=\"height:50px\" aria-hidden=\"true\" class=\"wp-block-spacer\"><\/div>\n\n\n\r\n        <section class=\"axis-separator mt-4 bg-color-\">\r\n            <div class=\"container\">\r\n                <div class=\"row\">\r\n                    <div class=\"col axle-icon\">\r\n                    <\/div>            \r\n                <\/div>            \r\n          <\/div>\r\n        <\/section>\n\n\r\n                        <section class=\"textBlock   bg-naf-\">\r\n                            \r\n                                <div class=\"container\">\r\n                                    \r\n                                    <div class=\"row\">                                        \r\n                        <div class=\"col\">\r\n                            <h2 class=\"textBlock-headline upper text-naf-black  text-font-bold center center\">MITARBEITER-BENEFITS<\/h2>\r\n                            \r\n                        <\/div>                                        \r\n                    <\/div>\r\n                                    \r\n                                    \r\n                                    \r\n                                    \r\n                                    \r\n                                    <div class=\"row text\">\r\n                                        <div class=\"col\">\r\n                                            <div class=\"textBlock-text fs-16 fw-medium lh-26 text-naf-\">\r\n                                                \n<p class=\"wp-block-wt-text-block center\">Wir bieten mehr: <br>Entdecken Sie die Vorteile, die Ihr NAF-Jobleben bereichern. <\/p>\n\r\n                                            <\/div>\r\n                                        <\/div>                                        \r\n                                    <\/div>\r\n                                    \r\n                                    <div class=\"align-items-center justify-content-center gap-5\">\r\n                                    \r\n                                        \r\n                            <\/div>\r\n                                <\/div>  \r\n                                                           \r\n                        <\/section>\r\n                    \n\n\n<div style=\"height:50px\" aria-hidden=\"true\" class=\"wp-block-spacer\"><\/div>\n\n\n\r\n  \r\n    <section class=\"card-block   bg-naf- card-block-id-69f265a78b4dd\">\r\n        \r\n        <div class=\"container \">\r\n            <div class=\"row card-items-container\">\r\n                \r\n            <div class=\"card-item card-container col-12 col-md-6 col-xl-4\" id=\"card-1\">\r\n                \r\n                <div class=\"front-card\" onclick=\"toggle_card(1)\">\r\n                    <img decoding=\"async\" class=\"card-icons\" src=\"https:\/\/www.nafaxles.com\/wp-content\/uploads\/2025\/06\/Icon_Sonderzahlungen_white.svg\" alt=\"Card Icon\">\r\n                    <p class=\"front-card-title\">Sonderzahlungen<\/p>\r\n                    <div class=\"icon-button-open\">+<\/div>\r\n                <\/div>\r\n          \r\n   \r\n                <div class=\"back-card d-none\">  \r\n                    <div class=\"back-card-content\"><h3>Sonderzahlungen<\/h3>\n<p>Ihre Leistung und Treue verdient auch eine finanzielle Wertsch\u00e4tzung.<br \/>\nProfitieren Sie von attraktiven Sonderzahlungen: Eine Gewinnbeteiligung, die Sie am gemeinsamen Erfolg teilhaben l\u00e4sst, Urlaubs- und Weihnachtsgeld f\u00fcr extra finanzielle Freiheit und Treuepr\u00e4mien als Dankesch\u00f6n f\u00fcr Ihre langj\u00e4hrige Verbundenheit. Weil Engagement belohnt werden sollte!<\/p>\n<p>&nbsp;<\/p>\n<\/div>\r\n                    <div class=\"icon-button-close\" onclick=\"toggle_card(1)\">&#8211;<\/div>\r\n                <\/div>\r\n            <\/div>\r\n        \r\n            <div class=\"card-item card-container col-12 col-md-6 col-xl-4\" id=\"card-2\">\r\n                \r\n                <div class=\"front-card\" onclick=\"toggle_card(2)\">\r\n                    <img decoding=\"async\" class=\"card-icons\" src=\"https:\/\/www.nafaxles.com\/wp-content\/uploads\/2025\/06\/Icon_Leben_und_Beruf_white.svg\" alt=\"Card Icon\">\r\n                    <p class=\"front-card-title\">Leben &#038; Beruf<\/p>\r\n                    <div class=\"icon-button-open\">+<\/div>\r\n                <\/div>\r\n          \r\n   \r\n                <div class=\"back-card d-none\">  \r\n                    <div class=\"back-card-content\"><h3>Leben &amp; Beruf<\/h3>\n<p>Ob 35-Stunden-Woche, Home-Office, Gleitzeit, Schicht oder Teilzeit \u2013 je nach Bereich versuchen wir, Ihnen flexible Arbeitszeitmodelle anzubieten. Als Familienunternehmen liegt uns die Vereinbarkeit von Familie und Beruf stets am Herzen!<\/p>\n<\/div>\r\n                    <div class=\"icon-button-close\" onclick=\"toggle_card(2)\">&#8211;<\/div>\r\n                <\/div>\r\n            <\/div>\r\n        \r\n            <div class=\"card-item card-container col-12 col-md-6 col-xl-4\" id=\"card-3\">\r\n                \r\n                <div class=\"front-card\" onclick=\"toggle_card(3)\">\r\n                    <img decoding=\"async\" class=\"card-icons\" src=\"https:\/\/www.nafaxles.com\/wp-content\/uploads\/2025\/06\/Icon_Faires_Entgeltsystem_white.svg\" alt=\"Card Icon\">\r\n                    <p class=\"front-card-title\">Transparentes Entgeltsystem<\/p>\r\n                    <div class=\"icon-button-open\">+<\/div>\r\n                <\/div>\r\n          \r\n   \r\n                <div class=\"back-card d-none\">  \r\n                    <div class=\"back-card-content\"><h3>Faires Entgeltsystem<\/h3>\n<p>Fair und transparent \u2013 Ihr Entgelt z\u00e4hlt.<br \/>\nUnser Entgeltsystem honoriert Leistung, Erfahrung und Engagement. Mit klaren Strukturen und Entwicklungsm\u00f6glichkeiten sorgen wir f\u00fcr eine gerechte Verg\u00fctung, die motiviert und Perspektiven schafft!<\/p>\n<p>&nbsp;<\/p>\n<\/div>\r\n                    <div class=\"icon-button-close\" onclick=\"toggle_card(3)\">&#8211;<\/div>\r\n                <\/div>\r\n            <\/div>\r\n        \r\n            <div class=\"card-item card-container col-12 col-md-6 col-xl-4\" id=\"card-4\">\r\n                \r\n                <div class=\"front-card\" onclick=\"toggle_card(4)\">\r\n                    <img decoding=\"async\" class=\"card-icons\" src=\"https:\/\/www.nafaxles.com\/wp-content\/uploads\/2025\/06\/Icon_Personalentwicklung_white.svg\" alt=\"Card Icon\">\r\n                    <p class=\"front-card-title\">Entwicklung &#038; Weiterbildung<\/p>\r\n                    <div class=\"icon-button-open\">+<\/div>\r\n                <\/div>\r\n          \r\n   \r\n                <div class=\"back-card d-none\">  \r\n                    <div class=\"back-card-content\"><h3>Entwicklung &amp; Weiterbildung<\/h3>\n<p>Wachsen Sie mit uns!<br \/>\nWir f\u00f6rdern Ihre pers\u00f6nliche und berufliche Entwicklung mit gezielten Weiterbildungs- und Aufstiegsm\u00f6glichkeiten. Ob Schulungen, Workshops oder individuelle Karrierewege \u2013 wir unterst\u00fctzen Sie dabei, Ihr Potenzial voll auszusch\u00f6pfen!<\/p>\n<\/div>\r\n                    <div class=\"icon-button-close\" onclick=\"toggle_card(4)\">&#8211;<\/div>\r\n                <\/div>\r\n            <\/div>\r\n        \r\n            <div class=\"card-item card-container col-12 col-md-6 col-xl-4\" id=\"card-5\">\r\n                \r\n                <div class=\"front-card\" onclick=\"toggle_card(5)\">\r\n                    <img decoding=\"async\" class=\"card-icons\" src=\"https:\/\/www.nafaxles.com\/wp-content\/uploads\/2025\/06\/Icon_Firmenfeier_white.svg\" alt=\"Card Icon\">\r\n                    <p class=\"front-card-title\">Firmenfeiern<\/p>\r\n                    <div class=\"icon-button-open\">+<\/div>\r\n                <\/div>\r\n          \r\n   \r\n                <div class=\"back-card d-none\">  \r\n                    <div class=\"back-card-content\"><p><strong>Firmenfeiern<\/strong><\/p>\n<p>Ein gro\u00dfes Sommerfest und die Weihnachtsfeier geh\u00f6ren zu den festen Highlights des Jahres. Einweihung, Jubil\u00e4en und weitere Feste kommen je nach Anlass hinzu. Eine tolle Gelegenheit gemeinsam Erfolge zu feiern, sich besser kennenzulernen und den Teamgeist zu st\u00e4rken.<\/p>\n<\/div>\r\n                    <div class=\"icon-button-close\" onclick=\"toggle_card(5)\">&#8211;<\/div>\r\n                <\/div>\r\n            <\/div>\r\n        \r\n            <div class=\"card-item card-container col-12 col-md-6 col-xl-4\" id=\"card-6\">\r\n                \r\n                <div class=\"front-card\" onclick=\"toggle_card(6)\">\r\n                    <img decoding=\"async\" class=\"card-icons\" src=\"https:\/\/www.nafaxles.com\/wp-content\/uploads\/2025\/06\/Icon_Jobrad_white.svg\" alt=\"Card Icon\">\r\n                    <p class=\"front-card-title\">Jobrad<\/p>\r\n                    <div class=\"icon-button-open\">+<\/div>\r\n                <\/div>\r\n          \r\n   \r\n                <div class=\"back-card d-none\">  \r\n                    <div class=\"back-card-content\"><h3>JobRad<\/h3>\n<p>JobRad &#8211; Ihr Weg zu mehr Mobilit\u00e4t!<br \/>\nNutzen Sie unser JobRad-Angebot und fahren Sie Ihr Wunschfahrrad &#8211; umweltfreundlich, gesund und steuerlich beg\u00fcnstigt. Egal ob E-Bike oder Cityrad, f\u00fcr den Arbeitsweg oder die Freizeit, wir machen\u2019s m\u00f6glich!<\/p>\n<\/div>\r\n                    <div class=\"icon-button-close\" onclick=\"toggle_card(6)\">&#8211;<\/div>\r\n                <\/div>\r\n            <\/div>\r\n        \r\n            <div class=\"card-item card-container col-12 col-md-6 col-xl-4\" id=\"card-7\">\r\n                \r\n                <div class=\"front-card\" onclick=\"toggle_card(7)\">\r\n                    <img decoding=\"async\" class=\"card-icons\" src=\"https:\/\/www.nafaxles.com\/wp-content\/uploads\/2025\/06\/Icon_Fahrtkostenzuschuss_white.svg\" alt=\"Card Icon\">\r\n                    <p class=\"front-card-title\">Fahrtkostenzuschuss<\/p>\r\n                    <div class=\"icon-button-open\">+<\/div>\r\n                <\/div>\r\n          \r\n   \r\n                <div class=\"back-card d-none\">  \r\n                    <div class=\"back-card-content\"><h3>Fahrtkostenzuschuss<\/h3>\n<p>Wir unterst\u00fctzen Ihre Mobilit\u00e4t!<br \/>\nMit unserem Fahrtkostenzuschuss entlasten wir Sie bei den t\u00e4glichen Pendelkosten &#8211; egal ob mit Auto, Bus oder Bahn. So kommen Sie g\u00fcnstiger und entspannter ans Ziel!<\/p>\n<\/div>\r\n                    <div class=\"icon-button-close\" onclick=\"toggle_card(7)\">&#8211;<\/div>\r\n                <\/div>\r\n            <\/div>\r\n        \r\n            <div class=\"card-item card-container col-12 col-md-6 col-xl-4\" id=\"card-8\">\r\n                \r\n                <div class=\"front-card\" onclick=\"toggle_card(8)\">\r\n                    <img decoding=\"async\" class=\"card-icons\" src=\"https:\/\/www.nafaxles.com\/wp-content\/uploads\/2025\/06\/Icon_Kostenloses_Obst_u_Heissgetraenke_white.svg\" alt=\"Card Icon\">\r\n                    <p class=\"front-card-title\">Kostenloses Obst &#038; Hei\u00dfgetr\u00e4nke<\/p>\r\n                    <div class=\"icon-button-open\">+<\/div>\r\n                <\/div>\r\n          \r\n   \r\n                <div class=\"back-card d-none\">  \r\n                    <div class=\"back-card-content\"><h3>Kostenloses Obst &amp; Hei\u00dfgetr\u00e4nke<\/h3>\n<p>Energie f\u00fcr Ihren Tag &#8211; Bei uns gibt es kostenloses Obst und hei\u00dfe Getr\u00e4nke, damit Sie jederzeit frisch und energiegeladen durchstarten k\u00f6nnen. Zugreifen und genie\u00dfen!<\/p>\n<\/div>\r\n                    <div class=\"icon-button-close\" onclick=\"toggle_card(8)\">&#8211;<\/div>\r\n                <\/div>\r\n            <\/div>\r\n        \r\n            <div class=\"card-item card-container col-12 col-md-6 col-xl-4\" id=\"card-9\">\r\n                \r\n                <div class=\"front-card\" onclick=\"toggle_card(9)\">\r\n                    <img decoding=\"async\" class=\"card-icons\" src=\"https:\/\/www.nafaxles.com\/wp-content\/uploads\/2025\/06\/Icon_Gesundheitsmanagement_white.svg\" alt=\"Card Icon\">\r\n                    <p class=\"front-card-title\">Sport &#038; Gesundheit<\/p>\r\n                    <div class=\"icon-button-open\">+<\/div>\r\n                <\/div>\r\n          \r\n   \r\n                <div class=\"back-card d-none\">  \r\n                    <div class=\"back-card-content\"><h3>Sport &amp; Gesundheit<\/h3>\n<p>Fit bleiben &#8211; gemeinsam aktiv!<br \/>\nOb Dart-Liga, Fu\u00dfballmannschaft, Firmenl\u00e4ufe oder Gesundheitschecks &#8211; wir f\u00f6rdern Sport und Gesundheit mit vielf\u00e4ltigen Angeboten. Wir sind auch Mitglied der Initiative Gesunder Betrieb. Machen Sie mit!<\/p>\n<\/div>\r\n                    <div class=\"icon-button-close\" onclick=\"toggle_card(9)\">&#8211;<\/div>\r\n                <\/div>\r\n            <\/div>\r\n        \r\n            <\/div>\r\n        <\/div>\r\n        \r\n    <\/section>\n\n\n<div style=\"height:50px\" aria-hidden=\"true\" class=\"wp-block-spacer\"><\/div>\n\n\n\r\n                        <section class=\"textBlock pt-5  bg-naf-gray\">\r\n                            \r\n                                <div class=\"container\">\r\n                                    \r\n                                    <div class=\"row\">                                        \r\n                        <div class=\"col\">\r\n                            <h2 class=\"textBlock-headline upper text-naf-white  text-font-bold center center\">Digitaler Rundgang<\/h2>\r\n                            \r\n                        <\/div>                                        \r\n                    <\/div>\r\n                                    \r\n                                    \r\n                                    \r\n                                    \r\n                                    \r\n                                    <div class=\"row text\">\r\n                                        <div class=\"col\">\r\n                                            <div class=\"textBlock-text fs-16 fw-medium lh-26 text-naf-white\">\r\n                                                \n<p class=\"wp-block-wt-text-block center\">Sie sind neugierig, wie es bei uns aussieht? Dann machen Sie doch einen&nbsp;<a href=\"https:\/\/www.nafaxles.com\/360-rundgang\/\" target=\"_blank\" rel=\"noreferrer noopener\">digitalen Rundgang<\/a>&nbsp;durch unsere Fl\u00e4chen! Vom Verwaltungsgeb\u00e4ude \u00fcber verschiedene Produktionsbereiche bis hin zur Lehrwerkstatt k\u00f6nnen Sie sich schon mal einen ersten Eindruck verschaffen.<\/p>\n\r\n                                            <\/div>\r\n                                        <\/div>                                        \r\n                                    <\/div>\r\n                                    \r\n                                    <div class=\"align-items-center justify-content-center gap-5\">\r\n                                    \r\n                                        \r\n                            <\/div>\r\n                                <\/div>  \r\n                                                           \r\n                        <\/section>\r\n                    \n\n<style>\r\n                section.picture-button-block.bg-grey {\r\n                    background-color: var(--nafgrey);\r\n                    padding: 25px 0;\r\n                }\r\n                section.picture-button-block.img-600 img {\r\n                    width: 600px;\r\n                }                         \r\n           <\/style>\r\n    <section class=\"picture-button-block picture-button-block-id-69f265a78b7e6 bg-grey img-600\">\r\n                            \r\n                <div class=\"container\">\r\n                    <div class=\"row\">                    \r\n                        <div class=\"col-12 text-center px-md-4 p-md-2\">\r\n                            \r\n                            <div class=\"picture-button-wrapper\">            \r\n                            <img loading=\"lazy\" decoding=\"async\" width=\"900\" height=\"750\" src=\"https:\/\/www.nafaxles.com\/wp-content\/uploads\/2025\/06\/Vorschau-3D-Rundgang.png\" class=\"img-fluid\" alt=\"\" srcset=\"https:\/\/www.nafaxles.com\/wp-content\/uploads\/2025\/06\/Vorschau-3D-Rundgang.png 900w, https:\/\/www.nafaxles.com\/wp-content\/uploads\/2025\/06\/Vorschau-3D-Rundgang-300x250.png 300w, https:\/\/www.nafaxles.com\/wp-content\/uploads\/2025\/06\/Vorschau-3D-Rundgang-768x640.png 768w\" sizes=\"auto, (max-width: 900px) 100vw, 900px\" \/>                     \r\n                                <div class=\"picture-button-button withText text-white\">\r\n                                    \r\n                                    \r\n                                    \r\n                                    <div class=\"bg- mb-4\">\n<p class=\"wp-block-wt-picture-button-block bg-grey img-600\"><\/p>\n<\/div>\r\n                                       <a target=\"\" href=\"https:\/\/www.nafaxles.com\/360-rundgang\/\" target=\"_blank\" rel=\"noopener\" class=\"picture-button\">\r\n                                        <span class=\"upper fw-extra-bold fs-24 darkgrey\">ZUM 360\u00b0 RUNDGANG<\/span>\r\n                                    <\/a> \r\n                                 \r\n                                <\/div>                             \r\n                            <\/div>\r\n                            \r\n                        <\/div>                            \r\n                    <\/div>                    \r\n                <\/div>\r\n                                                  \r\n            <\/section>\n\n\r\n        <section class=\"axis-separator mt-4 bg-color-\">\r\n            <div class=\"container\">\r\n                <div class=\"row\">\r\n                    <div class=\"col axle-icon\">\r\n                    <\/div>            \r\n                <\/div>            \r\n          <\/div>\r\n        <\/section>\n\n\r\n                        <section class=\"textBlock   bg-naf-\">\r\n                            \r\n                                <div class=\"container\">\r\n                                    \r\n                                    <div class=\"row\">                                        \r\n                        <div class=\"col\">\r\n                            <h2 class=\"textBlock-headline upper text-naf-black  text-font-bold center center\"> GELEBTE WERTE, GLOBALER ERFOLG<\/h2>\r\n                            \r\n                        <\/div>                                        \r\n                    <\/div>\r\n                                    \r\n                                    \r\n                                    \r\n                                    \r\n                                    \r\n                                    <div class=\"row text\">\r\n                                        <div class=\"col\">\r\n                                            <div class=\"textBlock-text fs-16 fw-medium lh-26 text-naf-\">\r\n                                                \n<p class=\"wp-block-wt-text-block center\">Als Familienunternehmen leben wir unsere Werte: Zusammenhalt, Vertrauen und Verantwortung. Diese st\u00e4rken unseren globalen Erfolg \u2013 und jeder Einzelne tr\u00e4gt dazu bei. Werden Sie Teil unserer Erfolgsgeschichte!<\/p>\n\r\n                                            <\/div>\r\n                                        <\/div>                                        \r\n                                    <\/div>\r\n                                    \r\n                                    <div class=\"align-items-center justify-content-center gap-5\">\r\n                                    \r\n                                        \r\n                            <\/div>\r\n                                <\/div>  \r\n                                                           \r\n                        <\/section>\r\n                    \n\n\n<div style=\"height:50px\" aria-hidden=\"true\" class=\"wp-block-spacer\"><\/div>\n\n\n<section id=\"default-naf\" class=\"split-block split-block-id-69f265a78bb08 split-block-layout-boxed split-block-select-layout-0 default-naf container-50x50\">\r\n                            \r\n                <div class=\"container\">\r\n                    \r\n                    <div class=\"split-wrapper\">\r\n                        <div class=\"row d-flex w-100 justify-content-start\">\r\n                        \r\n                            <div class=\"col-12 col-lg-6 col-xl-5 px-lg-0 mob \">\r\n                                <div class=\"content-50x50 bg-blue\">\r\n                             \r\n                                    <div class=\"content-wrapper px-4\">\r\n                                        \r\n                                        <h2 class='headline text-white'>FAMILI\u00c4RES ENGAGEMENT<\/h2>\r\n                                        \r\n                                        <div class=\"con-wrapper text- \">\r\n                                            \n<p class=\"wp-block-wt-split-block\">Wir profitieren vom pers\u00f6nlichen Engagement einer starken Unternehmerfamilie, die nicht nur strategisch verwaltet, sondern auch operativ im Unternehmen mitwirkt. Bei der NAF wird in Generationen gedacht: Zukunftsinvestitionen, eine offene Kultur und transparente Entscheidungen sind uns wichtiger als Gewinnmaximierung.<\/p>\n \r\n                                            \r\n                                        <\/div>\r\n                                                                      \r\n                                    <\/div>\r\n                                    \r\n                                <\/div>\r\n                             \r\n                            <\/div>\r\n                            \r\n                            <div class=\"col-12 col-lg-6 col-xl-5 ps-lg-0 mob d-flex align-items-center \">\r\n                                <img loading=\"lazy\" decoding=\"async\" width=\"530\" height=\"530\" src=\"https:\/\/www.nafaxles.com\/wp-content\/uploads\/2025\/06\/Familienunternehmen_Symbolbild.jpg\" class=\"img-fluid img-width-height\" alt=\"\" srcset=\"https:\/\/www.nafaxles.com\/wp-content\/uploads\/2025\/06\/Familienunternehmen_Symbolbild.jpg 530w, https:\/\/www.nafaxles.com\/wp-content\/uploads\/2025\/06\/Familienunternehmen_Symbolbild-300x300.jpg 300w, https:\/\/www.nafaxles.com\/wp-content\/uploads\/2025\/06\/Familienunternehmen_Symbolbild-150x150.jpg 150w\" sizes=\"auto, (max-width: 530px) 100vw, 530px\" \/>\r\n                            <\/div>\r\n                            \r\n                        <\/div>\r\n                    <\/div>                            \r\n                <\/div>\r\n                                                  \r\n            <\/section>\n\n\n<div style=\"height:30px\" aria-hidden=\"true\" class=\"wp-block-spacer\"><\/div>\n\n\n            \r\n            <section id=\"default-naf\" class=\"split-block split-block-id-69f265a78bd40 split-block-layout-boxed split-block-select-layout-1 default-naf container-50x50\">\r\n                            \r\n                    <div class=\"container\">                        \r\n                        \r\n                        <div class=\"split-wrapper\">\r\n                            <div class=\"row d-flex w-100 justify-content-end\">\r\n                            \r\n                                <div class=\"col-12 col-lg-6 col-xl-5 pe-lg-0 mob d-flex align-items-center \">\r\n                                    <img loading=\"lazy\" decoding=\"async\" width=\"530\" height=\"530\" src=\"https:\/\/www.nafaxles.com\/wp-content\/uploads\/2025\/06\/Nachhaltige-Losungen_Symbolbild-1.jpg\" class=\"img-fluid img-width-height\" alt=\"\" srcset=\"https:\/\/www.nafaxles.com\/wp-content\/uploads\/2025\/06\/Nachhaltige-Losungen_Symbolbild-1.jpg 530w, https:\/\/www.nafaxles.com\/wp-content\/uploads\/2025\/06\/Nachhaltige-Losungen_Symbolbild-1-300x300.jpg 300w, https:\/\/www.nafaxles.com\/wp-content\/uploads\/2025\/06\/Nachhaltige-Losungen_Symbolbild-1-150x150.jpg 150w\" sizes=\"auto, (max-width: 530px) 100vw, 530px\" \/>\r\n                                <\/div>\r\n                                \r\n                                <div class=\"col-12 col-lg-6 col-xl-5 mob ps-lg-0\">\r\n                                    <div class=\"content-50x50 bg-blue text-right\">\r\n                                       \r\n                                       <div class=\"content-wrapper px-4\">\r\n                                            \r\n                                            <h2 class='headline text-white'>NACHHALTIGE L\u00d6SUNGEN<\/h2>\r\n                                            \r\n                                            <div class=\"con-wrapper text-\">\r\n                                                \n<p class=\"wp-block-wt-split-block\">Antriebstechnik f\u00fcr den Weltmarkt &#8211; Made in Germany: Unsere Produkte sind robust und langlebig. Ressourcen werden effizient genutzt. NAF-Innovationen wie die Bogieachse schonen Waldb\u00f6den und schaffen beste Bedingungen f\u00fcr die Gewinnung des nachhaltigen Rohstoffs Holz.<\/p>\n\r\n                                                \r\n                                              \r\n                                            <\/div>\r\n                                            \r\n                                       <\/div>\r\n                                    <\/div>\r\n                                <\/div>\r\n                                \r\n                            <\/div>\r\n                        <\/div>                            \r\n                    <\/div>\r\n                                                  \r\n            <\/section>\n\n\n<div style=\"height:30px\" aria-hidden=\"true\" class=\"wp-block-spacer\"><\/div>\n\n\n<section id=\"default-naf\" class=\"split-block split-block-id-69f265a78bf5c split-block-layout-boxed split-block-select-layout-0 default-naf container-50x50\">\r\n                            \r\n                <div class=\"container\">\r\n                    \r\n                    <div class=\"split-wrapper\">\r\n                        <div class=\"row d-flex w-100 justify-content-start\">\r\n                        \r\n                            <div class=\"col-12 col-lg-6 col-xl-5 px-lg-0 mob \">\r\n                                <div class=\"content-50x50 bg-blue\">\r\n                             \r\n                                    <div class=\"content-wrapper px-4\">\r\n                                        \r\n                                        <h2 class='headline text-white'>PERS\u00d6NLICHES WACHSTUM<\/h2>\r\n                                        \r\n                                        <div class=\"con-wrapper text- \">\r\n                                            \n<p class=\"wp-block-wt-split-block\">Die M\u00e4rkte wandeln sich immer schneller, neue Herausforderungen pr\u00e4gen unsere Arbeit. Wir begreifen Ver\u00e4nderung als Chance und die Entwicklung jedes Team-Mitglieds als wertvolles Potenzial. Mit pers\u00f6nlicher und beruflicher Weiterbildung, vielen Entfaltungsm\u00f6glichkeiten und leistungsgerechter Entlohnung sorgen wir f\u00fcr das n\u00f6tige Umfeld.<\/p>\n \r\n                                            \r\n                                        <\/div>\r\n                                                                      \r\n                                    <\/div>\r\n                                    \r\n                                <\/div>\r\n                             \r\n                            <\/div>\r\n                            \r\n                            <div class=\"col-12 col-lg-6 col-xl-5 ps-lg-0 mob d-flex align-items-center \">\r\n                                <img loading=\"lazy\" decoding=\"async\" width=\"530\" height=\"530\" src=\"https:\/\/www.nafaxles.com\/wp-content\/uploads\/2025\/06\/Personliches-Wachstum_Symbolbild-2.jpg\" class=\"img-fluid img-width-height\" alt=\"\" srcset=\"https:\/\/www.nafaxles.com\/wp-content\/uploads\/2025\/06\/Personliches-Wachstum_Symbolbild-2.jpg 530w, https:\/\/www.nafaxles.com\/wp-content\/uploads\/2025\/06\/Personliches-Wachstum_Symbolbild-2-300x300.jpg 300w, https:\/\/www.nafaxles.com\/wp-content\/uploads\/2025\/06\/Personliches-Wachstum_Symbolbild-2-150x150.jpg 150w\" sizes=\"auto, (max-width: 530px) 100vw, 530px\" \/>\r\n                            <\/div>\r\n                            \r\n                        <\/div>\r\n                    <\/div>                            \r\n                <\/div>\r\n                                                  \r\n            <\/section>\n\n\n<div style=\"height:30px\" aria-hidden=\"true\" class=\"wp-block-spacer\"><\/div>\n\n\n            \r\n            <section id=\"default-naf\" class=\"split-block split-block-id-69f265a78c194 split-block-layout-boxed split-block-select-layout-1 default-naf container-50x50\">\r\n                            \r\n                    <div class=\"container\">                        \r\n                        \r\n                        <div class=\"split-wrapper\">\r\n                            <div class=\"row d-flex w-100 justify-content-end\">\r\n                            \r\n                                <div class=\"col-12 col-lg-6 col-xl-5 pe-lg-0 mob d-flex align-items-center \">\r\n                                    <img loading=\"lazy\" decoding=\"async\" width=\"707\" height=\"707\" src=\"https:\/\/www.nafaxles.com\/wp-content\/uploads\/2025\/06\/Lebenswerte-Region_Symbolbild.jpg\" class=\"img-fluid img-width-height\" alt=\"\" srcset=\"https:\/\/www.nafaxles.com\/wp-content\/uploads\/2025\/06\/Lebenswerte-Region_Symbolbild.jpg 707w, https:\/\/www.nafaxles.com\/wp-content\/uploads\/2025\/06\/Lebenswerte-Region_Symbolbild-300x300.jpg 300w, https:\/\/www.nafaxles.com\/wp-content\/uploads\/2025\/06\/Lebenswerte-Region_Symbolbild-150x150.jpg 150w\" sizes=\"auto, (max-width: 707px) 100vw, 707px\" \/>\r\n                                <\/div>\r\n                                \r\n                                <div class=\"col-12 col-lg-6 col-xl-5 mob ps-lg-0\">\r\n                                    <div class=\"content-50x50 bg-blue text-right\">\r\n                                       \r\n                                       <div class=\"content-wrapper px-4\">\r\n                                            \r\n                                            <h2 class='headline text-white'>LEBENSWERTE REGION<\/h2>\r\n                                            \r\n                                            <div class=\"con-wrapper text-\">\r\n                                                \n<p class=\"wp-block-wt-split-block\">Wir sind mit unserem Hauptsitz in Neunkirchen stark verwurzelt und lokal engagiert. Bezahlbarer Wohnraum und ein familienfreundliches Umfeld gehen einher mit dem reichen Kultur- und Freizeitangebot der Metropolregion N\u00fcrnberg. Unser Entwicklungsstandort in M\u00fcnchen ist eng in das Familienunternehmen eingebunden.<\/p>\n\r\n                                                \r\n                                              \r\n                                            <\/div>\r\n                                            \r\n                                       <\/div>\r\n                                    <\/div>\r\n                                <\/div>\r\n                                \r\n                            <\/div>\r\n                        <\/div>                            \r\n                    <\/div>\r\n                                                  \r\n            <\/section>\n\n\n<div style=\"height:30px\" aria-hidden=\"true\" class=\"wp-block-spacer\"><\/div>\n\n\n<section id=\"default-naf\" class=\"split-block split-block-id-69f265a78c3c6 split-block-layout-boxed split-block-select-layout-0 default-naf container-50x50\">\r\n                            \r\n                <div class=\"container\">\r\n                    \r\n                    <div class=\"split-wrapper\">\r\n                        <div class=\"row d-flex w-100 justify-content-start\">\r\n                        \r\n                            <div class=\"col-12 col-lg-6 col-xl-5 px-lg-0 mob \">\r\n                                <div class=\"content-50x50 bg-blue\">\r\n                             \r\n                                    <div class=\"content-wrapper px-4\">\r\n                                        \r\n                                        <h2 class='headline text-white'>WERTSCH\u00c4TZENDES UMFELD<\/h2>\r\n                                        \r\n                                        <div class=\"con-wrapper text- \">\r\n                                            \n<p class=\"wp-block-wt-split-block\">Ein respektvolles miteinander und eine offene Gespr\u00e4chskultur sind f\u00fcr uns von zentraler Bedeutung. Institutionen wie der NAF-Betriebsrat, individuelle Mitarbeitergespr\u00e4che und regelm\u00e4\u00dfige F\u00fchrungskr\u00e4fte-Feedbacks schaffen wichtige Dialograhmen. Jeder Beitrag ist uns wichtig.<\/p>\n \r\n                                            \r\n                                        <\/div>\r\n                                                                      \r\n                                    <\/div>\r\n                                    \r\n                                <\/div>\r\n                             \r\n                            <\/div>\r\n                            \r\n                            <div class=\"col-12 col-lg-6 col-xl-5 ps-lg-0 mob d-flex align-items-center \">\r\n                                <img loading=\"lazy\" decoding=\"async\" width=\"530\" height=\"530\" src=\"https:\/\/www.nafaxles.com\/wp-content\/uploads\/2025\/06\/Wertschatzendes-Umfeld_Symbolbild-2.jpg\" class=\"img-fluid img-width-height\" alt=\"\" srcset=\"https:\/\/www.nafaxles.com\/wp-content\/uploads\/2025\/06\/Wertschatzendes-Umfeld_Symbolbild-2.jpg 530w, https:\/\/www.nafaxles.com\/wp-content\/uploads\/2025\/06\/Wertschatzendes-Umfeld_Symbolbild-2-300x300.jpg 300w, https:\/\/www.nafaxles.com\/wp-content\/uploads\/2025\/06\/Wertschatzendes-Umfeld_Symbolbild-2-150x150.jpg 150w\" sizes=\"auto, (max-width: 530px) 100vw, 530px\" \/>\r\n                            <\/div>\r\n                            \r\n                        <\/div>\r\n                    <\/div>                            \r\n                <\/div>\r\n                                                  \r\n            <\/section>\n\n\n<div style=\"height:0px\" aria-hidden=\"true\" class=\"wp-block-spacer\"><\/div>\n\n\n\n<div style=\"height:100px\" aria-hidden=\"true\" class=\"wp-block-spacer\"><\/div>\n\n\n\n<p><\/p>\n","protected":false},"excerpt":{"rendered":"","protected":false},"author":1,"featured_media":0,"parent":406,"menu_order":0,"comment_status":"closed","ping_status":"closed","template":"","meta":{"footnotes":""},"class_list":["post-410","page","type-page","status-publish","hentry"],"yoast_head":"<!-- This site is optimized with the Yoast SEO plugin v27.1.1 - https:\/\/yoast.com\/product\/yoast-seo-wordpress\/ -->\n<title>Jobs &amp; Karriere bei NAF - Neunkirchener Achsenfabrik<\/title>\n<meta name=\"description\" content=\"Einstieg oder Umstieg gef\u00e4llig? Alle Infos rund zur Karriere bei der NAF und alle offenen Stellen auf einen Blick.\" \/>\n<meta name=\"robots\" content=\"index, follow, max-snippet:-1, max-image-preview:large, max-video-preview:-1\" \/>\n<link rel=\"canonical\" href=\"https:\/\/de.nafaxles.com\/karriere\/naf-als-arbeitgeber\/\" \/>\n<meta property=\"og:locale\" content=\"de_DE\" \/>\n<meta property=\"og:type\" content=\"article\" \/>\n<meta property=\"og:title\" content=\"Jobs &amp; Karriere bei NAF - Neunkirchener Achsenfabrik\" \/>\n<meta property=\"og:description\" content=\"Einstieg oder Umstieg gef\u00e4llig? Alle Infos rund zur Karriere bei der NAF und alle offenen Stellen auf einen Blick.\" \/>\n<meta property=\"og:url\" content=\"https:\/\/de.nafaxles.com\/karriere\/naf-als-arbeitgeber\/\" \/>\n<meta property=\"og:site_name\" content=\"NAF \u2013 Neunkirchener Achsenfabrik\" \/>\n<meta property=\"article:publisher\" content=\"https:\/\/www.facebook.com\/NAF-Neunkirchener-Achsenfabrik-AG-159635987405144\/\" \/>\n<meta property=\"article:modified_time\" content=\"2026-02-26T13:35:33+00:00\" \/>\n<meta name=\"twitter:card\" content=\"summary_large_image\" \/>\n<meta name=\"twitter:site\" content=\"@nafaxles\" \/>\n<meta name=\"twitter:label1\" content=\"Gesch\u00e4tzte Lesezeit\" \/>\n\t<meta name=\"twitter:data1\" content=\"1\u00a0Minute\" \/>\n<script type=\"application\/ld+json\" class=\"yoast-schema-graph\">{\"@context\":\"https:\/\/schema.org\",\"@graph\":[{\"@type\":\"WebPage\",\"@id\":\"https:\/\/www.nafaxles.com\/de\/karriere\/naf-als-arbeitgeber\/\",\"url\":\"https:\/\/de.nafaxles.com\/karriere\/naf-als-arbeitgeber\/\",\"name\":\"Jobs & Karriere bei NAF - Neunkirchener Achsenfabrik\",\"isPartOf\":{\"@id\":\"https:\/\/de.nafaxles.com\/#website\"},\"datePublished\":\"2021-07-28T11:15:32+00:00\",\"dateModified\":\"2026-02-26T13:35:33+00:00\",\"description\":\"Einstieg oder Umstieg gef\u00e4llig? Alle Infos rund zur Karriere bei der NAF und alle offenen Stellen auf einen Blick.\",\"breadcrumb\":{\"@id\":\"https:\/\/de.nafaxles.com\/karriere\/naf-als-arbeitgeber\/#breadcrumb\"},\"inLanguage\":\"de\",\"potentialAction\":[{\"@type\":\"ReadAction\",\"target\":[\"https:\/\/de.nafaxles.com\/karriere\/naf-als-arbeitgeber\/\"]}]},{\"@type\":\"BreadcrumbList\",\"@id\":\"https:\/\/de.nafaxles.com\/karriere\/naf-als-arbeitgeber\/#breadcrumb\",\"itemListElement\":[{\"@type\":\"ListItem\",\"position\":1,\"name\":\"Startseite\",\"item\":\"https:\/\/www.nafaxles.com\/de\/\"},{\"@type\":\"ListItem\",\"position\":2,\"name\":\"Karriere\",\"item\":\"https:\/\/de.nafaxles.com\/karriere\/\"},{\"@type\":\"ListItem\",\"position\":3,\"name\":\"NAF als Arbeitgeber\"}]},{\"@type\":\"WebSite\",\"@id\":\"https:\/\/de.nafaxles.com\/#website\",\"url\":\"https:\/\/de.nafaxles.com\/\",\"name\":\"NAF \u2013 Neunkirchener Achsenfabrik\",\"description\":\"\",\"potentialAction\":[{\"@type\":\"SearchAction\",\"target\":{\"@type\":\"EntryPoint\",\"urlTemplate\":\"https:\/\/de.nafaxles.com\/?s={search_term_string}\"},\"query-input\":{\"@type\":\"PropertyValueSpecification\",\"valueRequired\":true,\"valueName\":\"search_term_string\"}}],\"inLanguage\":\"de\"}]}<\/script>\n<!-- \/ Yoast SEO plugin. -->","yoast_head_json":{"title":"Jobs & Karriere bei NAF - Neunkirchener Achsenfabrik","description":"Einstieg oder Umstieg gef\u00e4llig? Alle Infos rund zur Karriere bei der NAF und alle offenen Stellen auf einen Blick.","robots":{"index":"index","follow":"follow","max-snippet":"max-snippet:-1","max-image-preview":"max-image-preview:large","max-video-preview":"max-video-preview:-1"},"canonical":"https:\/\/de.nafaxles.com\/karriere\/naf-als-arbeitgeber\/","og_locale":"de_DE","og_type":"article","og_title":"Jobs & Karriere bei NAF - Neunkirchener Achsenfabrik","og_description":"Einstieg oder Umstieg gef\u00e4llig? Alle Infos rund zur Karriere bei der NAF und alle offenen Stellen auf einen Blick.","og_url":"https:\/\/de.nafaxles.com\/karriere\/naf-als-arbeitgeber\/","og_site_name":"NAF \u2013 Neunkirchener Achsenfabrik","article_publisher":"https:\/\/www.facebook.com\/NAF-Neunkirchener-Achsenfabrik-AG-159635987405144\/","article_modified_time":"2026-02-26T13:35:33+00:00","twitter_card":"summary_large_image","twitter_site":"@nafaxles","twitter_misc":{"Gesch\u00e4tzte Lesezeit":"1\u00a0Minute"},"schema":{"@context":"https:\/\/schema.org","@graph":[{"@type":"WebPage","@id":"https:\/\/www.nafaxles.com\/de\/karriere\/naf-als-arbeitgeber\/","url":"https:\/\/de.nafaxles.com\/karriere\/naf-als-arbeitgeber\/","name":"Jobs & Karriere bei NAF - Neunkirchener Achsenfabrik","isPartOf":{"@id":"https:\/\/de.nafaxles.com\/#website"},"datePublished":"2021-07-28T11:15:32+00:00","dateModified":"2026-02-26T13:35:33+00:00","description":"Einstieg oder Umstieg gef\u00e4llig? Alle Infos rund zur Karriere bei der NAF und alle offenen Stellen auf einen Blick.","breadcrumb":{"@id":"https:\/\/de.nafaxles.com\/karriere\/naf-als-arbeitgeber\/#breadcrumb"},"inLanguage":"de","potentialAction":[{"@type":"ReadAction","target":["https:\/\/de.nafaxles.com\/karriere\/naf-als-arbeitgeber\/"]}]},{"@type":"BreadcrumbList","@id":"https:\/\/de.nafaxles.com\/karriere\/naf-als-arbeitgeber\/#breadcrumb","itemListElement":[{"@type":"ListItem","position":1,"name":"Startseite","item":"https:\/\/www.nafaxles.com\/de\/"},{"@type":"ListItem","position":2,"name":"Karriere","item":"https:\/\/de.nafaxles.com\/karriere\/"},{"@type":"ListItem","position":3,"name":"NAF als Arbeitgeber"}]},{"@type":"WebSite","@id":"https:\/\/de.nafaxles.com\/#website","url":"https:\/\/de.nafaxles.com\/","name":"NAF \u2013 Neunkirchener Achsenfabrik","description":"","potentialAction":[{"@type":"SearchAction","target":{"@type":"EntryPoint","urlTemplate":"https:\/\/de.nafaxles.com\/?s={search_term_string}"},"query-input":{"@type":"PropertyValueSpecification","valueRequired":true,"valueName":"search_term_string"}}],"inLanguage":"de"}]}},"_links":{"self":[{"href":"https:\/\/www.nafaxles.com\/de\/wp-json\/wp\/v2\/pages\/410","targetHints":{"allow":["GET"]}}],"collection":[{"href":"https:\/\/www.nafaxles.com\/de\/wp-json\/wp\/v2\/pages"}],"about":[{"href":"https:\/\/www.nafaxles.com\/de\/wp-json\/wp\/v2\/types\/page"}],"author":[{"embeddable":true,"href":"https:\/\/www.nafaxles.com\/de\/wp-json\/wp\/v2\/users\/1"}],"replies":[{"embeddable":true,"href":"https:\/\/www.nafaxles.com\/de\/wp-json\/wp\/v2\/comments?post=410"}],"version-history":[{"count":36,"href":"https:\/\/www.nafaxles.com\/de\/wp-json\/wp\/v2\/pages\/410\/revisions"}],"predecessor-version":[{"id":10358,"href":"https:\/\/www.nafaxles.com\/de\/wp-json\/wp\/v2\/pages\/410\/revisions\/10358"}],"up":[{"embeddable":true,"href":"https:\/\/www.nafaxles.com\/de\/wp-json\/wp\/v2\/pages\/406"}],"wp:attachment":[{"href":"https:\/\/www.nafaxles.com\/de\/wp-json\/wp\/v2\/media?parent=410"}],"curies":[{"name":"wp","href":"https:\/\/api.w.org\/{rel}","templated":true}]}}