{"id":280,"date":"2021-07-28T12:04:24","date_gmt":"2021-07-28T10:04:24","guid":{"rendered":"https:\/\/nafna.webthinker.de\/?page_id=280"},"modified":"2026-04-17T13:10:12","modified_gmt":"2026-04-17T11:10:12","slug":"ueber-uns-das-team-von-naf","status":"publish","type":"page","link":"https:\/\/www.nafaxles.com\/de\/ueber-uns\/ueber-uns-das-team-von-naf\/","title":{"rendered":"Wer wir sind"},"content":{"rendered":"\r\n        <section class=\"slider-section\">\r\n            <div class=\"slider-content-wrapper\">\r\n                <div class=\"owl-carousel\">\r\n            <div class=\"slide wt-gf3\">\r\n                <div class=\"image-area\">\r\n                    <img loading=\"lazy\" decoding=\"async\" width=\"1903\" height=\"400\" src=\"https:\/\/www.nafaxles.com\/wp-content\/uploads\/2022\/08\/NAF_Wer_wir_sind.jpg\" class=\"attachment-full size-full\" alt=\"Who we are - NAF Neunkirchener Achsenfabrik\" srcset=\"https:\/\/www.nafaxles.com\/wp-content\/uploads\/2022\/08\/NAF_Wer_wir_sind.jpg 1903w, https:\/\/www.nafaxles.com\/wp-content\/uploads\/2022\/08\/NAF_Wer_wir_sind-300x63.jpg 300w, https:\/\/www.nafaxles.com\/wp-content\/uploads\/2022\/08\/NAF_Wer_wir_sind-1024x215.jpg 1024w, https:\/\/www.nafaxles.com\/wp-content\/uploads\/2022\/08\/NAF_Wer_wir_sind-768x161.jpg 768w, https:\/\/www.nafaxles.com\/wp-content\/uploads\/2022\/08\/NAF_Wer_wir_sind-1536x323.jpg 1536w\" sizes=\"auto, (max-width: 1903px) 100vw, 1903px\" \/>\r\n                <\/div>\r\n                <div class=\"text-area\">\r\n                    <span class=\"over-headline upper\"><\/span>\r\n                    <h1 class=\"slide-headline upper\">WER WIR SIND<\/h1>\r\n                    <div class=\"img-text-wrapper\"><span class=\"img-text\">Unsere Vision, unser Weg, unser Antrieb und unser Erfolg<\/span><\/div><br>\r\n                    <br><br><br>\r\n                <\/div>\r\n            <\/div>\r\n                <\/div>\r\n                \r\n                \r\n            <\/div>\r\n            \r\n            <noscript>\r\n                <style>\r\n                    \r\n                    .slider-section .box-wrapper.hidden, \r\n                    .slider-section .box-wrapper .box-content.hidden,                    \r\n                    .slider-section .owl-carousel {display:block !important;}\r\n                    \r\n                    .slider-section .owl-pagination,\r\n                    .slider-section .owl-control,\r\n                    .slider-section .box-wrapper .close-button,\r\n                    .slider-section .box-wrapper:before {\r\n                        display:none !important;\r\n                    }\r\n                    .slider-section .owl-carousel .slide {overflow:hidden;}\r\n                    .slider-section .box-wrapper {position:relative !important;}\r\n                    .slider-section .box-wrapper .box-content {margin: 25px auto !important;}\r\n                <\/style>\r\n            <\/noscript>\r\n        <\/section>\n\n\r\n                        <section class=\"textBlock   bg-naf-\">\r\n                            \r\n                                <div class=\"container\">\r\n                                    \r\n                                    <div class=\"row\">                                        \r\n                        <div class=\"col\">\r\n                            <h2 class=\"textBlock-headline upper text-naf-black    left center\">Ein Team, das f\u00fcr Sie da ist<\/h2>\r\n                            \r\n                        <\/div>                                        \r\n                    <\/div>\r\n                                    \r\n                                    \r\n                                    \r\n                                    \r\n                                    \r\n                                    <div class=\"row text\">\r\n                                        <div class=\"col\">\r\n                                            <div class=\"textBlock-text fs-16 fw-medium lh-26 text-naf-\">\r\n                                                <p>600 Besch\u00e4ftigte geben t\u00e4glich ihr Bestes und sind stets bereit,<br>\nschnellstens auf sich \u00e4ndernde Anforderungen zu reagieren.<\/p>\n\n<ul>\n<li>Hohe Identifikation der Besch\u00e4ftigten mit dem Unternehmen<\/li>\n<li>Starke Bindung der Besch\u00e4ftigten an das Unternehmen sorgt f\u00fcr Kontinuit\u00e4t bei den Mitarbeitenden<\/li>\n<li>St\u00e4ndiger Innovationsprozess in der Aus- und Weiterbildung<\/li>\n<li>Konsequente, zukunftsorientierte und zur kontinuierlichen Weiterentwicklung motivierte Besch\u00e4ftigte<\/li>\n<li>Bedarfsorientiertes Handeln aus der Sicht des Kunden<\/li>\n<\/ul>\r\n                                            <\/div>\r\n                                        <\/div>                                        \r\n                                    <\/div>\r\n                                    \r\n                                    <div class=\"align-items-center justify-content-center gap-5\">\r\n                                    \r\n                                        \r\n                            <\/div>\r\n                                <\/div>  \r\n                                                           \r\n                        <\/section>\r\n                    \n\n\n<div style=\"height:80px\" aria-hidden=\"true\" class=\"wp-block-spacer\"><\/div>\n\n\n\r\n        <style>section.acc-block-id-69f08e5330727{background:url(https:\/\/de.nafaxles.com\/wp-content\/uploads\/2021\/09\/achsen-universum-naf.jpg) no-repeat center center fixed}<\/style>\r\n        <style>section.acc-block-id-69f08e5330727 div.container {max-width: 900px;}<\/style>\r\n                <section class=\"acc-block acc-block-id-69f08e5330727 axle-icon axle-icon-bottom\">\r\n                    \r\n                        <div class=\"container\">\r\n                            \r\n                            \r\n        <div class=\"row\">\r\n            <div class=\"col-12 text-center\">\r\n                <h2 class=\"fw-extra-bold upper mb-4  text-black\">Das wir bestimmt unseren Erfolg<\/h2>\r\n            <\/div>\r\n        <\/div>\r\n        \r\n        <div class=\"accWrapper\">                                                \r\n            \r\n            <div class=\"row\">\r\n                <div class=\"col-12\">\r\n                    <div class=\"acc-box\">\r\n                        <div class=\"click-area bg-blue\">\r\n                            <span class=\"title upper fw-extra-bold fs-16\">UNSER ANTRIEB<\/span>\r\n                        <\/div>\r\n                        <div class=\"content-area\">\r\n                            <div class=\"content fw-medium fs-16\">\r\n                                <ul>\n<li><strong>Wir<\/strong> betrachten uns als eine Organisation, die im Dienste des Menschen arbeitet und deren wesentlicher Erfolgsfaktor der Mensch ist.<\/li>\n<li><strong>Wir<\/strong> sehen unsere Hauptaufgabe darin, unseren Kunden, unseren MitarbeiterInnen, unseren Geldgebern und deren Gesch\u00e4ftspartnern zum Erfolg zu verhelfen. Deshalb wollen wir fehlerfreie Produkte zu einem fairen Preis anbieten und unsere Produkte, Prozesse und Dienstleistungen st\u00e4ndig verbessern, indem wir sie innovativ weiterentwickeln.<\/li>\n<li><strong>Wir<\/strong> wollen niemals mit dem Erreichten zufrieden sein und jeden Tag von neuem unser Bestes geben.<\/li>\n<\/ul>\n\r\n                            <\/div>\r\n                        <\/div>\r\n                    <\/div> \r\n                <\/div>\r\n            <\/div>\r\n            <div class=\"row\">\r\n                <div class=\"col-12\">\r\n                    <div class=\"acc-box\">\r\n                        <div class=\"click-area bg-blue\">\r\n                            <span class=\"title upper fw-extra-bold fs-16\">UNSER WEG<\/span>\r\n                        <\/div>\r\n                        <div class=\"content-area\">\r\n                            <div class=\"content fw-medium fs-16\">\r\n                                <ul>\n<li><strong>Wir<\/strong> wollen selbstbewusst auftreten, stolz auf unsere Arbeit sein und in allem, was wir tun, einen Schritt voraus sein.<\/li>\n<li><strong>Wir<\/strong> erwarten von den Besch\u00e4ftigten und Partnern unserer Organisation hohe Leistungsbereitschaft, Selbstverantwortung, Zuverl\u00e4ssigkeit, selbstkritisches Verhalten und das Streben nach st\u00e4ndiger Verbesserung sowie das Handeln im Einklang mit unserer Firmenkultur.<\/li>\n<li><strong>Wir<\/strong> betrachten den Menschen als den wichtigsten Erfolgsfaktor in unserer Organisation. Deshalb erwarten wir von allen Besch\u00e4ftigten und jedem Partner unserer Organisation eine hohe Wertsch\u00e4tzung gegen\u00fcber dem Menschen, die sich in fairen, offenen, toleranten und ehrlichen Umgang miteinander ausdr\u00fcckt.<\/li>\n<li><strong>Wir<\/strong> wollen von Anderen nicht erwarten oder verlangen, was wir selbst nicht bereit sind zu tun.<\/li>\n<li><strong>Wir<\/strong> respektieren die Freiheit und die Bed\u00fcrfnisse des Einzelnen. Deshalb wollen wir ein positives Arbeitsumfeld schaffen, in dem alle Besch\u00e4ftigte Freude an der Arbeit entwickeln, sich frei entfalten k\u00f6nnen und die Kreativit\u00e4t unserer Besch\u00e4ftigten und Partner gef\u00f6rdert wird.<\/li>\n<li><strong>Wir<\/strong> wollen Ressourcen schonen, indem wir umweltfreundliche, wiederverwertbare Produkte und Prozesse entwickeln, umweltvertr\u00e4gliche Stoffe anwenden, Verschwendung und Abfall vermeiden, umweltgerecht entsorgen, gesundheitsf\u00f6rdernde Ma\u00dfnahmen unterst\u00fctzen, energieeffiziente Anlagen, Produkte und Dienstleistungen erwerben und die Sicherheit unserer MitarbeiterInnen gew\u00e4hrleisten, unter Ber\u00fccksichtigung der jeweils g\u00fcltigen gesetzlichen Vorschriften und bindenden Verpflichtungen.<\/li>\n<li><strong>Wir<\/strong> sehen in jedem Risiko auf dem Weg zum Erreichen unserer Ziele auch eine Chance zur Verbesserung. Deshalb wollen wir die Risiken und Chancen in unseren Gesch\u00e4fts- und Prozessabl\u00e4ufen erkennen und bereits in der Planung ber\u00fccksichtigen, um unseren Weg zum Erfolg abzusichern und die Wirksamkeit unseres Managementsystems zu unterst\u00fctzen.<\/li>\n<li><strong>Wir<\/strong> \u00fcberwachen unsere Zielsetzungen in einem permanenten Kennzahlen\u00fcberwachungssystem.<\/li>\n<\/ul>\n\r\n                            <\/div>\r\n                        <\/div>\r\n                    <\/div> \r\n                <\/div>\r\n            <\/div>\r\n            <div class=\"row\">\r\n                <div class=\"col-12\">\r\n                    <div class=\"acc-box\">\r\n                        <div class=\"click-area bg-blue\">\r\n                            <span class=\"title upper fw-extra-bold fs-16\">UNSER ERFOLG<\/span>\r\n                        <\/div>\r\n                        <div class=\"content-area\">\r\n                            <div class=\"content fw-medium fs-16\">\r\n                                <ul>\n<li><strong>Wir<\/strong> wollen uns, auch in schwierigen Zeiten, gegenseitig unterst\u00fctzen und damit den Fortbestand des Unternehmens und die finanzielle Absicherung unserer Besch\u00e4ftigten gew\u00e4hrleisten.<\/li>\n<li><strong>Wir<\/strong> wollen mit unserer Arbeit einen positiven Beitrag zur Entwicklung der Gesellschaft leisten, indem wir sichere Arbeitspl\u00e4tze schaffen und bewahren, f\u00fcr eine hochwertige Aus- und Weiterbildung unserer Besch\u00e4ftigten sorgen und gemeinn\u00fctzige Einrichtungen f\u00f6rdern.<\/li>\n<li><strong>Wir<\/strong> sind uns dar\u00fcber im Klaren, dass wir unseren W\u00fcnschen, Zielen und Visionen nur n\u00e4her kommen k\u00f6nnen, wenn wir langfristig gewinnbringend arbeiten. Nur so haben wir die Mittel und M\u00f6glichkeiten, unsere Identit\u00e4t und Eigenst\u00e4ndigkeit zu bewahren und unsere Zukunft positiv zu gestalten.<\/li>\n<\/ul>\n\r\n                            <\/div>\r\n                        <\/div>\r\n                    <\/div> \r\n                <\/div>\r\n            <\/div>\r\n            <div class=\"row\">\r\n                <div class=\"col-12\">\r\n                    <div class=\"acc-box\">\r\n                        <div class=\"click-area bg-blue\">\r\n                            <span class=\"title upper fw-extra-bold fs-16\">UNSERE VISION<\/span>\r\n                        <\/div>\r\n                        <div class=\"content-area\">\r\n                            <div class=\"content fw-medium fs-16\">\r\n                                <p>Erste Wahl f\u00fcr qualitativ hochwertige Antriebsl\u00f6sungen durch Innovation, Perfektion und vertrauensvolle Partnerschaft.<\/p>\n\r\n                            <\/div>\r\n                        <\/div>\r\n                    <\/div> \r\n                <\/div>\r\n            <\/div>                                                \r\n        <\/div>\r\n                            \r\n                            \r\n        <div class=\"infoWrapper bg-dark-gray \">\r\n            <div class=\"row\">\r\n            \r\n                <div class=\"col-12 text-center\">\r\n                    <h2 class=\"upper mb-4 info-header text- \">\r\n                        Zahlen und Fakten\r\n                    <\/h2>\r\n                <\/div>\r\n                   \r\n            <\/div>\r\n            <div class=\"row\">\r\n                <div class=\"col-12\">\r\n                    <div class=\"table-responsive\">\r\n                        <table class=\"table\">\r\n                            <tbody style=\"border-style: hidden;\">\r\n                                \r\n                    <tr class=\"info-box text-\">                        \r\n                        <td class=\"content-left fs-14 upper fw-extra-bold\">\r\n                            <p>Aufsichtsrat:<\/p>\n\r\n                        <\/td>\r\n                        <td class=\"content-right fs-14 fw-medium\">\r\n                            <p><strong>Robin Sauer<\/strong> (Vorsitzender)<\/p>\n\r\n                        <\/td>                        \r\n                    <\/tr>\r\n                    <tr class=\"info-box text-\">                        \r\n                        <td class=\"content-left fs-14 upper fw-extra-bold\">\r\n                            <p>Vorstand:<\/p>\n\r\n                        <\/td>\r\n                        <td class=\"content-right fs-14 fw-medium\">\r\n                            <p><strong><strong>Dr. Norbert Knorren: <\/strong><\/strong>Vertrieb &amp; Finanzen<\/p>\n<p><strong>Bernhard Schnabel:<\/strong> Entwicklung &amp; Qualit\u00e4t<\/p>\n<p><strong>Erwin Urban:<\/strong> Produktion &amp; Personal<\/p>\n\r\n                        <\/td>                        \r\n                    <\/tr>\r\n                    <tr class=\"info-box text-\">                        \r\n                        <td class=\"content-left fs-14 upper fw-extra-bold\">\r\n                            <p>Mitarbeitende:<\/p>\n\r\n                        <\/td>\r\n                        <td class=\"content-right fs-14 fw-medium\">\r\n                            <p>600 (davon 80 % in der Produktion)<\/p>\n\r\n                        <\/td>                        \r\n                    <\/tr>\r\n                    <tr class=\"info-box text-\">                        \r\n                        <td class=\"content-left fs-14 upper fw-extra-bold\">\r\n                            <p>Produktionsfl\u00e4che:<\/p>\n\r\n                        <\/td>\r\n                        <td class=\"content-right fs-14 fw-medium\">\r\n                            <p>28.000 m\u00b2<\/p>\n\r\n                        <\/td>                        \r\n                    <\/tr>\r\n                    <tr class=\"info-box text-\">                        \r\n                        <td class=\"content-left fs-14 upper fw-extra-bold\">\r\n                            <p>Exportanteil:<\/p>\n\r\n                        <\/td>\r\n                        <td class=\"content-right fs-14 fw-medium\">\r\n                            <p>80 %<\/p>\n\r\n                        <\/td>                        \r\n                    <\/tr>\r\n                    <tr class=\"info-box text-\">                        \r\n                        <td class=\"content-left fs-14 upper fw-extra-bold\">\r\n                            <p>Markt:<\/p>\n\r\n                        <\/td>\r\n                        <td class=\"content-right fs-14 fw-medium\">\r\n                            <p>Bogieachsen, Lenkachsen, Starrachsen und Getriebe<\/p>\n\r\n                        <\/td>                        \r\n                    <\/tr>\r\n                            <\/tbody>\r\n                        <\/table>\r\n                    <\/div>\r\n                <\/div>\r\n            <\/div>\r\n        <\/div>\r\n                            \r\n                        <\/div>                                            \r\n                                          \r\n                <\/section>\r\n                <noscript>\r\n                    <style>\r\n                        \r\n                        .acc-block .acc-box .content {\r\n                            font-size: 18pt;\r\n                            line-height: 26pt;\r\n                            opacity: 1 !important;\r\n                            visibility: visible !important;\r\n                            max-height: inherit !important;\r\n                        }\r\n                        .acc-block .acc-box .content-area {\r\n                            padding-bottom: 20px !important;\r\n                            padding-top: 20px !important;\r\n                        }\r\n                        .acc-block .acc-box .title::before {\r\n                            border-style: solid !important;\r\n                            border-width: 12px 12px 0 12px !important;\r\n                            border-color: #fff transparent transparent transparent !important;\r\n                            top: 10px !important;\r\n                            left: -10px !important;\r\n                        }\r\n                        \r\n                    <\/style>\r\n                <\/noscript>\n\n\n<div style=\"height:100px\" aria-hidden=\"true\" class=\"wp-block-spacer\"><\/div>\n\n\n\r\n                        <section class=\"textBlock   bg-naf-\">\r\n                            \r\n                                <div class=\"container\">\r\n                                    \r\n                                    <div class=\"row\">                                        \r\n                        <div class=\"col\">\r\n                            <h3 class=\"textBlock-headline upper text-naf-black    center \">Forschung und Entwicklung<\/h3>\r\n                            \r\n                        <\/div>                                        \r\n                    <\/div>\r\n                                    \r\n                                    \r\n                                    \r\n                                    \r\n                                    \r\n                                    <div class=\"row text\">\r\n                                        <div class=\"col\">\r\n                                            <div class=\"textBlock-text fs-16 fw-medium lh-26 text-naf-\">\r\n                                                \n<p class=\"wp-block-wt-text-block\">Das Motto der NAF lautet: &#8222;Innovation als Antrieb&#8220;. Deshalb investieren wir jedes Jahr mehr als 5 % unseres Umsatzes in die Entwicklung neuer Produkte.<br><br>Unser Entwicklungsteam, mit seinem Standort in der Technologiemetropole M\u00fcnchen, kann auf mehr als 60 Jahre Entwicklungserfahrung im Bereich der Antriebstechnik zur\u00fcckblicken. Dieser Erfahrungsschatz, gepaart mit modernster Technologie und Kundenn\u00e4he, f\u00fchrt zu innovativen, praxisnahen Antriebsl\u00f6sungen.<br><br>Das Markenzeichen NAF steht f\u00fcr innovative Hochleistungsantriebe, die au\u00dferordentlich belastbar, servicefreundlich, haltbar und umweltfreundlich sind. Unser Entwicklungsteam sorgt daf\u00fcr, dass das so bleibt.<\/p>\n\r\n                                            <\/div>\r\n                                        <\/div>                                        \r\n                                    <\/div>\r\n                                    \r\n                                    <div class=\"align-items-center justify-content-center gap-5\">\r\n                                    \r\n                                        \r\n                            <\/div>\r\n                                <\/div>  \r\n                                                           \r\n                        <\/section>\r\n                    \n\n\n<div style=\"height:40px\" aria-hidden=\"true\" class=\"wp-block-spacer\"><\/div>\n\n\n\r\n        <section class=\"axis-separator mt-4 bg-color-\">\r\n            <div class=\"container\">\r\n                <div class=\"row\">\r\n                    <div class=\"col axle-icon\">\r\n                    <\/div>            \r\n                <\/div>            \r\n          <\/div>\r\n        <\/section>\n\n\n<div style=\"height:40px\" aria-hidden=\"true\" class=\"wp-block-spacer\"><\/div>\n\n\n\r\n    <section class=\"milestone-block milestone-block-id-69f08e5330d01 lang-de\">\r\n                    \r\n                        <div class=\"container\">\r\n                            \r\n                            <div class=\"row\">\r\n                                <div class=\"col-12 text-center mb-5\">\r\n                                    <h2 class=\"upper\">\r\n                                        Meilensteine\r\n                                    <\/h2>\r\n                                <\/div>\r\n                            <\/div>\r\n                            \r\n                            <div class=\"milestone-wrapper\">                                \r\n                                <div class=\"row\">\r\n                                    <div class=\"col-12\">\r\n                                        <div class=\"milestone-box\">                        \r\n                            <div class=\"content-left upper fw-extra-bold fs-45\">\r\n                                2025<br>\r\n                            <span class=\"fs-20\">ab 2017<\/span> \r\n                            <\/div>\r\n                            <div class=\"content-right fw-medium lh-32 fs-24 search-query\">\r\n                                Umfassende Betriebserweiterung im Stammwerk Neunkirchen\r\n                            <\/div>                                                    \r\n                        <\/div><div class=\"milestone-box\">                        \r\n                            <div class=\"content-left upper fw-extra-bold fs-45\">\r\n                                2015 \r\n                            <\/div>\r\n                            <div class=\"content-right fw-medium lh-32 fs-24 search-query\">\r\n                                Gr\u00fcndung von NAF Axles North America, Inc., Morris, IL, USA\r\n                            <\/div>                                                    \r\n                        <\/div><div class=\"milestone-box\">                        \r\n                            <div class=\"content-left upper fw-extra-bold fs-45\">\r\n                                2011 \r\n                            <\/div>\r\n                            <div class=\"content-right fw-medium lh-32 fs-24 search-query\">\r\n                                Ausweitung der strategischen Vertriebst\u00e4tigkeiten auf den asiatischen Raum\r\n                            <\/div>                                                    \r\n                        <\/div><div class=\"milestone-box\">                        \r\n                            <div class=\"content-left upper fw-extra-bold fs-45\">\r\n                                2007 \r\n                            <\/div>\r\n                            <div class=\"content-right fw-medium lh-32 fs-24 search-query\">\r\n                                Gr\u00fcndung von NAF Russia Ltd., Ekaterinenburg, Russland\r\n                            <\/div>                                                    \r\n                        <\/div><div class=\"milestone-box\">                        \r\n                            <div class=\"content-left upper fw-extra-bold fs-45\">\r\n                                1999<br>\r\n                            <span class=\"fs-20\">bis 2015<\/span> \r\n                            <\/div>\r\n                            <div class=\"content-right fw-medium lh-32 fs-24 search-query\">\r\n                                Gr\u00fcndung von NAF Drive System Inc., Edmonton, Kanada\r\n                            <\/div>                                                    \r\n                        <\/div><div class=\"milestone-box\">                        \r\n                            <div class=\"content-left upper fw-extra-bold fs-45\">\r\n                                1970 \r\n                            <\/div>\r\n                            <div class=\"content-right fw-medium lh-32 fs-24 search-query\">\r\n                                Gr\u00fcndung des Entwicklungszentrums M\u00fcnchen\r\n                            <\/div>                                                    \r\n                        <\/div><div class=\"milestone-box\">                        \r\n                            <div class=\"content-left upper fw-extra-bold fs-45\">\r\n                                1960 \r\n                            <\/div>\r\n                            <div class=\"content-right fw-medium lh-32 fs-24 search-query\">\r\n                                Gr\u00fcndung der NAF\r\n                            <\/div>                                                    \r\n                        <\/div><div class=\"milestone-box last\">\r\n                            <div class=\"content-left upper fw-extra-bold fs-45\">\r\n                                 \r\n                            <\/div>\r\n                            <div class=\"content-right fw-medium lh-20 fs-14\">\r\n                                NAF AG &#8211; seit 1965 ein Familienunternehmen der Weyhausen-Sauer-Gruppe &#8211; in der 3. Generation\r\n                            <\/div>                                                    \r\n                        <\/div>\r\n                                    <\/div>\r\n                                <\/div>\r\n                            <\/div>                            \r\n                        <\/div>                                            \r\n                                          \r\n                <\/section>","protected":false},"excerpt":{"rendered":"","protected":false},"author":1,"featured_media":0,"parent":260,"menu_order":0,"comment_status":"closed","ping_status":"closed","template":"","meta":{"footnotes":""},"class_list":["post-280","page","type-page","status-publish","hentry"],"yoast_head":"<!-- This site is optimized with the Yoast SEO plugin v27.1.1 - https:\/\/yoast.com\/product\/yoast-seo-wordpress\/ -->\n<title>\u00dcber uns - das Team von NAF - Neunkirchener Achsenfabrik AG<\/title>\n<meta name=\"description\" content=\"Erfahren Sie mehr \u00fcber unsere Vision, unseren Weg, unseren Antrieb und unseren Erfolg.\" \/>\n<meta name=\"robots\" content=\"index, follow, max-snippet:-1, max-image-preview:large, max-video-preview:-1\" \/>\n<link rel=\"canonical\" href=\"https:\/\/www.nafaxles.com\/de\/ueber-uns\/ueber-uns-das-team-von-naf\/\" \/>\n<meta property=\"og:locale\" content=\"de_DE\" \/>\n<meta property=\"og:type\" content=\"article\" \/>\n<meta property=\"og:title\" content=\"\u00dcber uns - das Team von NAF - Neunkirchener Achsenfabrik AG\" \/>\n<meta property=\"og:description\" content=\"Erfahren Sie mehr \u00fcber unsere Vision, unseren Weg, unseren Antrieb und unseren Erfolg.\" \/>\n<meta property=\"og:url\" content=\"https:\/\/www.nafaxles.com\/de\/ueber-uns\/ueber-uns-das-team-von-naf\/\" \/>\n<meta property=\"og:site_name\" content=\"NAF \u2013 Neunkirchener Achsenfabrik\" \/>\n<meta property=\"article:publisher\" content=\"https:\/\/www.facebook.com\/NAF-Neunkirchener-Achsenfabrik-AG-159635987405144\/\" \/>\n<meta property=\"article:modified_time\" content=\"2026-04-17T11:10:12+00:00\" \/>\n<meta name=\"twitter:card\" content=\"summary_large_image\" \/>\n<meta name=\"twitter:site\" content=\"@nafaxles\" \/>\n<meta name=\"twitter:label1\" content=\"Gesch\u00e4tzte Lesezeit\" \/>\n\t<meta name=\"twitter:data1\" content=\"1\u00a0Minute\" \/>\n<script type=\"application\/ld+json\" class=\"yoast-schema-graph\">{\"@context\":\"https:\/\/schema.org\",\"@graph\":[{\"@type\":\"WebPage\",\"@id\":\"https:\/\/www.nafaxles.com\/de\/ueber-uns\/ueber-uns-das-team-von-naf\/\",\"url\":\"https:\/\/www.nafaxles.com\/de\/ueber-uns\/ueber-uns-das-team-von-naf\/\",\"name\":\"\u00dcber uns - das Team von NAF - Neunkirchener Achsenfabrik AG\",\"isPartOf\":{\"@id\":\"https:\/\/de.nafaxles.com\/#website\"},\"datePublished\":\"2021-07-28T10:04:24+00:00\",\"dateModified\":\"2026-04-17T11:10:12+00:00\",\"description\":\"Erfahren Sie mehr \u00fcber unsere Vision, unseren Weg, unseren Antrieb und unseren Erfolg.\",\"breadcrumb\":{\"@id\":\"https:\/\/www.nafaxles.com\/de\/ueber-uns\/ueber-uns-das-team-von-naf\/#breadcrumb\"},\"inLanguage\":\"de\",\"potentialAction\":[{\"@type\":\"ReadAction\",\"target\":[\"https:\/\/www.nafaxles.com\/de\/ueber-uns\/ueber-uns-das-team-von-naf\/\"]}]},{\"@type\":\"BreadcrumbList\",\"@id\":\"https:\/\/www.nafaxles.com\/de\/ueber-uns\/ueber-uns-das-team-von-naf\/#breadcrumb\",\"itemListElement\":[{\"@type\":\"ListItem\",\"position\":1,\"name\":\"Startseite\",\"item\":\"https:\/\/www.nafaxles.com\/de\/\"},{\"@type\":\"ListItem\",\"position\":2,\"name\":\"\u00dcber uns\",\"item\":\"https:\/\/de.nafaxles.com\/ueber-uns\/\"},{\"@type\":\"ListItem\",\"position\":3,\"name\":\"Wer wir sind\"}]},{\"@type\":\"WebSite\",\"@id\":\"https:\/\/de.nafaxles.com\/#website\",\"url\":\"https:\/\/de.nafaxles.com\/\",\"name\":\"NAF \u2013 Neunkirchener Achsenfabrik\",\"description\":\"\",\"potentialAction\":[{\"@type\":\"SearchAction\",\"target\":{\"@type\":\"EntryPoint\",\"urlTemplate\":\"https:\/\/de.nafaxles.com\/?s={search_term_string}\"},\"query-input\":{\"@type\":\"PropertyValueSpecification\",\"valueRequired\":true,\"valueName\":\"search_term_string\"}}],\"inLanguage\":\"de\"}]}<\/script>\n<!-- \/ Yoast SEO plugin. -->","yoast_head_json":{"title":"\u00dcber uns - das Team von NAF - Neunkirchener Achsenfabrik AG","description":"Erfahren Sie mehr \u00fcber unsere Vision, unseren Weg, unseren Antrieb und unseren Erfolg.","robots":{"index":"index","follow":"follow","max-snippet":"max-snippet:-1","max-image-preview":"max-image-preview:large","max-video-preview":"max-video-preview:-1"},"canonical":"https:\/\/www.nafaxles.com\/de\/ueber-uns\/ueber-uns-das-team-von-naf\/","og_locale":"de_DE","og_type":"article","og_title":"\u00dcber uns - das Team von NAF - Neunkirchener Achsenfabrik AG","og_description":"Erfahren Sie mehr \u00fcber unsere Vision, unseren Weg, unseren Antrieb und unseren Erfolg.","og_url":"https:\/\/www.nafaxles.com\/de\/ueber-uns\/ueber-uns-das-team-von-naf\/","og_site_name":"NAF \u2013 Neunkirchener Achsenfabrik","article_publisher":"https:\/\/www.facebook.com\/NAF-Neunkirchener-Achsenfabrik-AG-159635987405144\/","article_modified_time":"2026-04-17T11:10:12+00:00","twitter_card":"summary_large_image","twitter_site":"@nafaxles","twitter_misc":{"Gesch\u00e4tzte Lesezeit":"1\u00a0Minute"},"schema":{"@context":"https:\/\/schema.org","@graph":[{"@type":"WebPage","@id":"https:\/\/www.nafaxles.com\/de\/ueber-uns\/ueber-uns-das-team-von-naf\/","url":"https:\/\/www.nafaxles.com\/de\/ueber-uns\/ueber-uns-das-team-von-naf\/","name":"\u00dcber uns - das Team von NAF - Neunkirchener Achsenfabrik AG","isPartOf":{"@id":"https:\/\/de.nafaxles.com\/#website"},"datePublished":"2021-07-28T10:04:24+00:00","dateModified":"2026-04-17T11:10:12+00:00","description":"Erfahren Sie mehr \u00fcber unsere Vision, unseren Weg, unseren Antrieb und unseren Erfolg.","breadcrumb":{"@id":"https:\/\/www.nafaxles.com\/de\/ueber-uns\/ueber-uns-das-team-von-naf\/#breadcrumb"},"inLanguage":"de","potentialAction":[{"@type":"ReadAction","target":["https:\/\/www.nafaxles.com\/de\/ueber-uns\/ueber-uns-das-team-von-naf\/"]}]},{"@type":"BreadcrumbList","@id":"https:\/\/www.nafaxles.com\/de\/ueber-uns\/ueber-uns-das-team-von-naf\/#breadcrumb","itemListElement":[{"@type":"ListItem","position":1,"name":"Startseite","item":"https:\/\/www.nafaxles.com\/de\/"},{"@type":"ListItem","position":2,"name":"\u00dcber uns","item":"https:\/\/de.nafaxles.com\/ueber-uns\/"},{"@type":"ListItem","position":3,"name":"Wer wir sind"}]},{"@type":"WebSite","@id":"https:\/\/de.nafaxles.com\/#website","url":"https:\/\/de.nafaxles.com\/","name":"NAF \u2013 Neunkirchener Achsenfabrik","description":"","potentialAction":[{"@type":"SearchAction","target":{"@type":"EntryPoint","urlTemplate":"https:\/\/de.nafaxles.com\/?s={search_term_string}"},"query-input":{"@type":"PropertyValueSpecification","valueRequired":true,"valueName":"search_term_string"}}],"inLanguage":"de"}]}},"_links":{"self":[{"href":"https:\/\/www.nafaxles.com\/de\/wp-json\/wp\/v2\/pages\/280","targetHints":{"allow":["GET"]}}],"collection":[{"href":"https:\/\/www.nafaxles.com\/de\/wp-json\/wp\/v2\/pages"}],"about":[{"href":"https:\/\/www.nafaxles.com\/de\/wp-json\/wp\/v2\/types\/page"}],"author":[{"embeddable":true,"href":"https:\/\/www.nafaxles.com\/de\/wp-json\/wp\/v2\/users\/1"}],"replies":[{"embeddable":true,"href":"https:\/\/www.nafaxles.com\/de\/wp-json\/wp\/v2\/comments?post=280"}],"version-history":[{"count":25,"href":"https:\/\/www.nafaxles.com\/de\/wp-json\/wp\/v2\/pages\/280\/revisions"}],"predecessor-version":[{"id":10448,"href":"https:\/\/www.nafaxles.com\/de\/wp-json\/wp\/v2\/pages\/280\/revisions\/10448"}],"up":[{"embeddable":true,"href":"https:\/\/www.nafaxles.com\/de\/wp-json\/wp\/v2\/pages\/260"}],"wp:attachment":[{"href":"https:\/\/www.nafaxles.com\/de\/wp-json\/wp\/v2\/media?parent=280"}],"curies":[{"name":"wp","href":"https:\/\/api.w.org\/{rel}","templated":true}]}}